{"id":80,"date":"2025-07-24T18:24:53","date_gmt":"2025-07-24T18:24:53","guid":{"rendered":"https:\/\/xn--kamnalen-74a.dk\/?page_id=80"},"modified":"2026-04-26T18:48:43","modified_gmt":"2026-04-26T18:48:43","slug":"sendeplan","status":"publish","type":"page","link":"https:\/\/xn--kamnalen-74a.dk\/?page_id=80","title":{"rendered":"Sendeplan"},"content":{"rendered":"\n<div class=\"wp-block-group alignfull has-contrast-color has-text-color has-link-color wp-elements-bcb7070cfb65f863725d96482cf5a2b1 is-content-justification-space-between is-layout-flex wp-container-core-group-is-layout-3f94fa88 wp-block-group-is-layout-flex\" style=\"padding-top:var(--wp--preset--spacing--30);padding-right:var(--wp--preset--spacing--30);padding-bottom:var(--wp--preset--spacing--30);padding-left:var(--wp--preset--spacing--30)\"><h1 class=\"wp-block-site-title\"><a href=\"https:\/\/xn--kamnalen-74a.dk\" target=\"_self\" rel=\"home\">Din lokale TVKANAL<\/a><\/h1>\n\n<nav class=\"is-responsive items-justified-center no-wrap wp-block-navigation is-content-justification-center is-nowrap is-layout-flex wp-container-core-navigation-is-layout-638e78ff wp-block-navigation-is-layout-flex\" aria-label=\"Menu\" \n\t\t data-wp-interactive=\"core\/navigation\" data-wp-context='{\"overlayOpenedBy\":{\"click\":false,\"hover\":false,\"focus\":false},\"type\":\"overlay\",\"roleAttribute\":\"\",\"ariaLabel\":\"Menu\"}'><button aria-haspopup=\"dialog\" aria-label=\"\u00c5bn menu\" class=\"wp-block-navigation__responsive-container-open\" \n\t\t\t\tdata-wp-on--click=\"actions.openMenuOnClick\"\n\t\t\t\tdata-wp-on--keydown=\"actions.handleMenuKeydown\"\n\t\t\t><svg width=\"24\" height=\"24\" xmlns=\"http:\/\/www.w3.org\/2000\/svg\" viewBox=\"0 0 24 24\" aria-hidden=\"true\" focusable=\"false\"><path d=\"M4 7.5h16v1.5H4z\"><\/path><path d=\"M4 15h16v1.5H4z\"><\/path><\/svg><\/button>\n\t\t\t\t<div class=\"wp-block-navigation__responsive-container\"  id=\"modal-1\" \n\t\t\t\tdata-wp-class--has-modal-open=\"state.isMenuOpen\"\n\t\t\t\tdata-wp-class--is-menu-open=\"state.isMenuOpen\"\n\t\t\t\tdata-wp-watch=\"callbacks.initMenu\"\n\t\t\t\tdata-wp-on--keydown=\"actions.handleMenuKeydown\"\n\t\t\t\tdata-wp-on--focusout=\"actions.handleMenuFocusout\"\n\t\t\t\ttabindex=\"-1\"\n\t\t\t>\n\t\t\t\t\t<div class=\"wp-block-navigation__responsive-close\" tabindex=\"-1\">\n\t\t\t\t\t\t<div class=\"wp-block-navigation__responsive-dialog\" \n\t\t\t\tdata-wp-bind--aria-modal=\"state.ariaModal\"\n\t\t\t\tdata-wp-bind--aria-label=\"state.ariaLabel\"\n\t\t\t\tdata-wp-bind--role=\"state.roleAttribute\"\n\t\t\t>\n\t\t\t\t\t\t\t<button aria-label=\"Luk menu\" class=\"wp-block-navigation__responsive-container-close\" \n\t\t\t\tdata-wp-on--click=\"actions.closeMenuOnClick\"\n\t\t\t><svg xmlns=\"http:\/\/www.w3.org\/2000\/svg\" viewBox=\"0 0 24 24\" width=\"24\" height=\"24\" aria-hidden=\"true\" focusable=\"false\"><path d=\"m13.06 12 6.47-6.47-1.06-1.06L12 10.94 5.53 4.47 4.47 5.53 10.94 12l-6.47 6.47 1.06 1.06L12 13.06l6.47 6.47 1.06-1.06L13.06 12Z\"><\/path><\/svg><\/button>\n\t\t\t\t\t\t\t<div class=\"wp-block-navigation__responsive-container-content\" \n\t\t\t\tdata-wp-watch=\"callbacks.focusFirstElement\"\n\t\t\t id=\"modal-1-content\">\n\t\t\t\t\t\t\t\t<ul class=\"wp-block-navigation__container is-responsive items-justified-center no-wrap wp-block-navigation\"><li class=\" wp-block-navigation-item wp-block-navigation-link\"><a class=\"wp-block-navigation-item__content\"  href=\"https:\/\/xn--kamnalen-74a.dk\/?page_id=80\"><span class=\"wp-block-navigation-item__label\">Sendeplan<\/span><\/a><\/li><li class=\" wp-block-navigation-item wp-block-navigation-link\"><a class=\"wp-block-navigation-item__content\"  href=\"#\"><span class=\"wp-block-navigation-item__label\">Opslagstavle<\/span><span class=\"wp-block-navigation-item__description\">Nyheder, muligheder, events, annonsering<\/span><\/a><\/li><li class=\" wp-block-navigation-item wp-block-navigation-link\"><a class=\"wp-block-navigation-item__content\"  href=\"#\"><span class=\"wp-block-navigation-item__label\">Bli sponsor<\/span><span class=\"wp-block-navigation-item__description\">Medlemsskab &amp; sponsorater<\/span><\/a><\/li><li class=\" wp-block-navigation-item wp-block-navigation-link\"><a class=\"wp-block-navigation-item__content\"  href=\"https:\/\/xn--kamnalen-74a.dk\/?page_id=198\"><span class=\"wp-block-navigation-item__label\">For medlemmer<\/span><\/a><\/li><li class=\" wp-block-navigation-item wp-block-navigation-link\"><a class=\"wp-block-navigation-item__content\"  href=\"https:\/\/xn--kamnalen-74a.dk\/?page_id=44\"><span class=\"wp-block-navigation-item__label\">Om KAM\u00d8NALEN<\/span><\/a><\/li><li class=\"wp-block-navigation-item\">\n<ul class=\"wp-block-social-links has-icon-color is-style-logos-only is-horizontal is-content-justification-left is-nowrap is-layout-flex wp-container-core-social-links-is-layout-7263b898 wp-block-social-links-is-layout-flex\"><li style=\"color:var(--wp--preset--color--ti-fg);\" class=\"wp-social-link wp-social-link-facebook has-ti-fg-color wp-block-social-link\"><a href=\"#\" class=\"wp-block-social-link-anchor\"><svg width=\"24\" height=\"24\" viewBox=\"0 0 24 24\" version=\"1.1\" xmlns=\"http:\/\/www.w3.org\/2000\/svg\" aria-hidden=\"true\" focusable=\"false\"><path d=\"M12 2C6.5 2 2 6.5 2 12c0 5 3.7 9.1 8.4 9.9v-7H7.9V12h2.5V9.8c0-2.5 1.5-3.9 3.8-3.9 1.1 0 2.2.2 2.2.2v2.5h-1.3c-1.2 0-1.6.8-1.6 1.6V12h2.8l-.4 2.9h-2.3v7C18.3 21.1 22 17 22 12c0-5.5-4.5-10-10-10z\"><\/path><\/svg><span class=\"wp-block-social-link-label screen-reader-text\">Facebook<\/span><\/a><\/li>\n\n<li style=\"color:var(--wp--preset--color--ti-fg);\" class=\"wp-social-link wp-social-link-instagram has-ti-fg-color wp-block-social-link\"><a href=\"#\" class=\"wp-block-social-link-anchor\"><svg width=\"24\" height=\"24\" viewBox=\"0 0 24 24\" version=\"1.1\" xmlns=\"http:\/\/www.w3.org\/2000\/svg\" aria-hidden=\"true\" focusable=\"false\"><path d=\"M12,4.622c2.403,0,2.688,0.009,3.637,0.052c0.877,0.04,1.354,0.187,1.671,0.31c0.42,0.163,0.72,0.358,1.035,0.673 c0.315,0.315,0.51,0.615,0.673,1.035c0.123,0.317,0.27,0.794,0.31,1.671c0.043,0.949,0.052,1.234,0.052,3.637 s-0.009,2.688-0.052,3.637c-0.04,0.877-0.187,1.354-0.31,1.671c-0.163,0.42-0.358,0.72-0.673,1.035 c-0.315,0.315-0.615,0.51-1.035,0.673c-0.317,0.123-0.794,0.27-1.671,0.31c-0.949,0.043-1.233,0.052-3.637,0.052 s-2.688-0.009-3.637-0.052c-0.877-0.04-1.354-0.187-1.671-0.31c-0.42-0.163-0.72-0.358-1.035-0.673 c-0.315-0.315-0.51-0.615-0.673-1.035c-0.123-0.317-0.27-0.794-0.31-1.671C4.631,14.688,4.622,14.403,4.622,12 s0.009-2.688,0.052-3.637c0.04-0.877,0.187-1.354,0.31-1.671c0.163-0.42,0.358-0.72,0.673-1.035 c0.315-0.315,0.615-0.51,1.035-0.673c0.317-0.123,0.794-0.27,1.671-0.31C9.312,4.631,9.597,4.622,12,4.622 M12,3 C9.556,3,9.249,3.01,8.289,3.054C7.331,3.098,6.677,3.25,6.105,3.472C5.513,3.702,5.011,4.01,4.511,4.511 c-0.5,0.5-0.808,1.002-1.038,1.594C3.25,6.677,3.098,7.331,3.054,8.289C3.01,9.249,3,9.556,3,12c0,2.444,0.01,2.751,0.054,3.711 c0.044,0.958,0.196,1.612,0.418,2.185c0.23,0.592,0.538,1.094,1.038,1.594c0.5,0.5,1.002,0.808,1.594,1.038 c0.572,0.222,1.227,0.375,2.185,0.418C9.249,20.99,9.556,21,12,21s2.751-0.01,3.711-0.054c0.958-0.044,1.612-0.196,2.185-0.418 c0.592-0.23,1.094-0.538,1.594-1.038c0.5-0.5,0.808-1.002,1.038-1.594c0.222-0.572,0.375-1.227,0.418-2.185 C20.99,14.751,21,14.444,21,12s-0.01-2.751-0.054-3.711c-0.044-0.958-0.196-1.612-0.418-2.185c-0.23-0.592-0.538-1.094-1.038-1.594 c-0.5-0.5-1.002-0.808-1.594-1.038c-0.572-0.222-1.227-0.375-2.185-0.418C14.751,3.01,14.444,3,12,3L12,3z M12,7.378 c-2.552,0-4.622,2.069-4.622,4.622S9.448,16.622,12,16.622s4.622-2.069,4.622-4.622S14.552,7.378,12,7.378z M12,15 c-1.657,0-3-1.343-3-3s1.343-3,3-3s3,1.343,3,3S13.657,15,12,15z M16.804,6.116c-0.596,0-1.08,0.484-1.08,1.08 s0.484,1.08,1.08,1.08c0.596,0,1.08-0.484,1.08-1.08S17.401,6.116,16.804,6.116z\"><\/path><\/svg><span class=\"wp-block-social-link-label screen-reader-text\">Instagram<\/span><\/a><\/li><\/ul>\n<\/li><\/ul>\n\t\t\t\t\t\t\t<\/div>\n\t\t\t\t\t\t<\/div>\n\t\t\t\t\t<\/div>\n\t\t\t\t<\/div><\/nav><\/div>\n\n\n\n<div class=\"wp-block-columns is-layout-flex wp-container-core-columns-is-layout-28f84493 wp-block-columns-is-layout-flex\">\n<div class=\"wp-block-column is-layout-flow wp-block-column-is-layout-flow\" style=\"flex-basis:100%\">\n<p class=\"has-luminous-vivid-amber-color has-ti-fg-background-color has-text-color has-background has-link-color wp-elements-0938587e2a0dbcc944f53451aa3d365e\"><strong>UGENS TV-GUIDE: <\/strong><br><strong>UGE 17 &#8211; 2026<\/strong><\/p>\n\n\n\n<h2 class=\"wp-block-heading has-text-align-center\"><mark style=\"background-color:#fcb900\" class=\"has-inline-color has-ti-fg-color\">S\u00f8ndag 26\/4 kl. 11.00-13.00<\/mark><\/h2>\n\n\n\n<p><strong>KAM\u00d8NALEN kommer forbi<\/strong><br><br>Vi har bes\u00f8gt Kirsten Fahn\u00f8e i hendes nybyggede tr\u00e6hus p\u00e5 Vestm\u00f8n.\u00a0<br>En af de fire nominerede i foreningen Bygnings og Landskabskultur M\u00f8n uddeling &#8220;Hvem forsk\u00f8nner M\u00f8n?&#8221;<\/p>\n\n\n\n<p><strong>Bygnings og Landskabskultur M\u00f8n prisuddeling 2026<\/strong><\/p>\n\n\n\n<p>By og Land M\u00f8n uddelte i \u00e5r priser og diplomer for indsatser, der har gjort M\u00f8n, Langeb\u00e6k og Kalvehave smukkere \u2014 fra god vedligeholdelse og nybyggeri til erhvervsbygninger, ombygninger, initiativer og landskab. KAM\u00d8NALEN var med p\u00e5 Bakkeby, da hovedprisen og \u00e5rets diplomer blev overrakt.<\/p>\n\n\n\n<p><strong>UNESCO biosf\u00e6re p\u00e5 Geocenter M\u00f8n<\/strong>: <strong>Naturstyrelsen Storstr\u00f8m v. Markus Raeder Konner<\/strong><\/p>\n\n\n\n<p>Naturstyrelsen Storstr\u00f8m har forvaltningsansvaret for naturen p\u00e5 Statens arealer p\u00e5 H\u00f8je M\u00f8n. Dvs. hele klinteprofilet, samt store dele af Klinteskoven og Kalkoverdrevene. H\u00f8r Markus fort\u00e6lle om b\u00e5de udfordringer og fordele ved at forvalte natur i et s\u00e5 kalkrigt og kuperet omr\u00e5de, og hvordan samspillet med den unikke bio- og geodiversitet kommer til udtryk.<\/p>\n\n\n\n<p><br><strong>KAM\u00d8NALEN Special<\/strong><br><strong>Samtale-salon om \u2019M\u00f8n p\u00e5 Verdenskortet\u2019 \u2013 del 2 v. Anna Falch\/Folkem\u00f8de<br>M\u00f8n<\/strong><\/p>\n\n\n\n<p>Et panel best\u00e5ende af 7 deltagere taler om \u2019udvikling, natur og lokalsamfund\u2019 i b\u00e5de bred forstand, og lokalt p\u00e5 M\u00f8n. Moderator for samtalen bliver Anna Falch fra Folkem\u00f8de M\u00f8n, og deltagerne i panelet: Borgmester Michael Seiding Larsen, journalist og forfatter Signe Wenneberg, Martin Vestergaard\/Danmarks Naturfredningsforening, Sascha Bendix, M\u00f8n Biosf\u00e6reforening, Martin Bender\/VISM, Hans Henrik Erhardi\/M\u00f8n Naturforening og Eliza Jarl Estrup\/Site Manager for Verdensarven p\u00e5 M\u00f8ns Klint\/Vordingborg Kommune.<br><\/p>\n\n\n\n<p><strong>Genudsendelser:<\/strong><br>\ud83d\udcc5 Mandag\u2013fredag kl. 12.00\u201316.00<br>\ud83d\udcc5 L\u00f8rdag kl. 11.30\u201313.30<br>\ud83d\udcc5 S\u00f8ndag kl. 10.00\u201311.00<br><br><strong>Programmet publiceres i den efterf\u00f8lgende uge p\u00e5 vores <a href=\"https:\/\/youtube.com\/@kamoenalen\">YouTube-kanal<\/a>.<\/strong> <br><\/p>\n\n\n\n<p class=\"has-luminous-vivid-amber-color has-ti-fg-background-color has-text-color has-background has-link-color wp-elements-d5ead696746c5140c7a3e3ce54349f88\"><strong>UGENS TV-GUIDE: <\/strong><br><strong>UGE 16 &#8211; 2026<\/strong><\/p>\n\n\n\n<h2 class=\"wp-block-heading has-text-align-center\"><mark style=\"background-color:#fcb900\" class=\"has-inline-color has-ti-fg-color\">S\u00f8ndag 19\/4 kl. 11.00-13.00<\/mark><\/h2>\n\n\n\n<p><strong>KAM\u00d8NALEN Info<\/strong>: <strong>Indvielse af Kajstuen<\/strong><br><br>Kom med til havnen i Vordingborg og bliv introduceret til det nye Byrum. Sammen med Borgmester Michael, projektleder Charlotte og borger Freddy.<\/p>\n\n\n\n<p><strong>KAM\u00d8NALEN kommer forbi<\/strong> <strong>\u00d8stm\u00f8n Fodboldklub<\/strong><\/p>\n\n\n\n<p>Seniorfodbold i markant fremgang. Det er historisk, at \u00d8stm\u00f8n Fodboldklub er rykket op tre \u00e5r i tr\u00e6k og spiller Serie 2.&nbsp;<br>Det var historisk at sl\u00e5 Vordingborg IF i en seriekamp. De plejer at spille h\u00f8jere og \u00d8stm\u00f8n lavere. Der er 40 i truppen p\u00e5 \u00d8stm\u00f8n til to seriehold. Det er solidt.&nbsp;<\/p>\n\n\n\n<p><strong>UNESCO biosf\u00e6re p\u00e5 Geocenter M\u00f8n<\/strong>: <strong>Midt i verdensarven ligger Klintholm Gods<\/strong><\/p>\n\n\n\n<p>Godsejer Gustav Scavenius fort\u00e6ller her om godsets rolle i dag,<br>som aktiv medspiller i udviklingen af turisme og naturgenopretning p\u00e5 H\u00f8je M\u00f8n, og svarer p\u00e5 sp\u00f8rgsm\u00e5l fra publikum.<br><br><strong>KAM\u00d8NALEN SPECIAL<\/strong> <strong>Fort\u00e6llekoncert Genf\u00f8dt<\/strong><\/p>\n\n\n\n<p>Marlo Prasad fort\u00e6ller om at v\u00e6re lungetransplanteret og deler sin livserfaring i de nye rammer p\u00e5 Pr\u00e6st\u00f8 bibliotek. Indimellem spiller han de sange der har formet ham og sange han selv har formet, i samspil med lokale musikere.<br><\/p>\n\n\n\n<p><strong>Genudsendelser:<\/strong><br>\ud83d\udcc5 Mandag\u2013fredag kl. 12.00\u201316.00<br>\ud83d\udcc5 L\u00f8rdag kl. 11.30\u201313.30<br>\ud83d\udcc5 S\u00f8ndag kl. 10.00\u201311.00<br><br><strong>Programmet publiceres i den efterf\u00f8lgende uge p\u00e5 vores <a href=\"https:\/\/youtube.com\/@kamoenalen\">YouTube-kanal<\/a>.<\/strong> <br><\/p>\n\n\n\n<p class=\"has-luminous-vivid-amber-color has-ti-fg-background-color has-text-color has-background has-link-color wp-elements-eb2c273f673ac0ba452d81b1f9bcaaf4\"><strong>UGENS TV-GUIDE: <\/strong><br><strong>UGE 15 &#8211; 2026<\/strong><\/p>\n\n\n\n<h2 class=\"wp-block-heading has-text-align-center\"><mark style=\"background-color:#fcb900\" class=\"has-inline-color has-ti-fg-color\">S\u00f8ndag 12\/4 kl. 11.00-13.00<\/mark><\/h2>\n\n\n\n<p><strong>KAM\u00d8NALEN Info<\/strong><br>Udstilling: Nye spor i kendt jord<\/p>\n\n\n\n<p>Tre billedkunstnere med r\u00f8dder i Vordingborg Kommune g\u00e5r sammen om at skabe udstillingen &#8220;Nye spor i kendt jord&#8221;. Gennem nye v\u00e6rker unders\u00f8ger de, hvordan personlige historier, landskab og lokal identitet h\u00e6nger sammen.<\/p>\n\n\n\n<p><strong>KAM\u00d8NALEN Kommer forbi<\/strong> <strong>Vordingborg<\/strong><br>Vi faldt i snak med J\u00f8rgen Andreasen p\u00e5 Nordhavnen. Han har v\u00e6ret aktiv i Sejklubben Snekken Vordingborg og ved ligesom det meste om, hvad der foreg\u00e5r i havnemilj\u00f8et.<br>Den store for\u00e5rsnyhed er anskaffelsen af fem nye OK-joller, som klubben meget gerne vil lade nysgerrige, m\u00e5ske kommende sejlere, f\u00e5 en tur i.<br>Vi snakkede ogs\u00e5 med Arne Kristensen, der ligesom mange andre s\u00e5 sm\u00e5t er g\u00e5et i gang med at klarg\u00f8re deres b\u00e5de.&nbsp;<\/p>\n\n\n\n<p><strong>KAM\u00d8NALEN Kommer forbi Fanefjord<\/strong><br>Emil Dam er blevet valgt som ny forpagter af caf\u00e9en p\u00e5 Fanefjord Torv. Under navnet Fanes Br\u00f8d er han b\u00e5de (hel\u00e5rs)bager og caf\u00e9 p\u00e5 det ambiti\u00f8se projekt omkring torvet i Askeby.<br>Vi har talt med den nysl\u00e5ede caf\u00e9-mand om hans planer og dr\u00f8mme. Vi har ogs\u00e5 talt med Peter Bysted, n\u00e6stformanden i fonden bag Fanefjord Torv, om hvorfor de valgte Emil blandt ans\u00f8gerne.&nbsp;<\/p>\n\n\n\n<p><strong>KAM\u00d8NALEN Special<\/strong><br><strong>Samtale-salon om \u2019M\u00f8n p\u00e5 Verdenskortet\u2019 \u2013 del 1 v. Anna Falch\/Folkem\u00f8de<br>M\u00f8n<\/strong><\/p>\n\n\n\n<p>Et panel best\u00e5ende af 7 deltagere taler om \u2019udvikling, natur og lokalsamfund\u2019 i b\u00e5de bred forstand, og lokalt p\u00e5 M\u00f8n. Moderator for samtalen bliver Anna Falch fra Folkem\u00f8de M\u00f8n, og deltagerne i panelet: Borgmester Michael Seiding Larsen, journalist og forfatter Signe Wenneberg, Martin Vestergaard\/Danmarks Naturfredningsforening, Sascha Bendix, M\u00f8n Biosf\u00e6reforening, Martin Bender\/VISM, Hans Henrik Erhardi\/M\u00f8n Naturforening og Eliza Jarl Estrup\/Site Manager for Verdensarven p\u00e5 M\u00f8ns Klint\/Vordingborg Kommune.<br><\/p>\n\n\n\n<p><strong>Genudsendelser:<\/strong><br>\ud83d\udcc5 Mandag\u2013fredag kl. 12.00\u201316.00<br>\ud83d\udcc5 L\u00f8rdag kl. 11.30\u201313.30<br>\ud83d\udcc5 S\u00f8ndag kl. 10.00\u201311.00<br><br><strong>Programmet publiceres i den efterf\u00f8lgende uge p\u00e5 vores <a href=\"https:\/\/youtube.com\/@kamoenalen\">YouTube-kanal<\/a>.<\/strong> <br><\/p>\n\n\n\n<p class=\"has-luminous-vivid-amber-color has-ti-fg-background-color has-text-color has-background has-link-color wp-elements-a793bdb7c2199bdace9c6e8dfa073d81\"><strong>UGENS TV-GUIDE: <\/strong><br><strong>UGE 14 &#8211; 2026<\/strong><\/p>\n\n\n\n<h2 class=\"wp-block-heading has-text-align-center\"><mark style=\"background-color:#fcb900\" class=\"has-inline-color has-ti-fg-color\">S\u00f8ndag 5\/4 kl. 11.00-13.00<\/mark><\/h2>\n\n\n\n<p><strong>KAM\u00d8NALEN kommer forbi<\/strong><br>Vi har bes\u00f8gt Katrine Aagaard Bram p\u00e5 hendes og familiens bes\u00f8gsg\u00e5rd ved \u00d8rslev.<br>De kom hertil for syv \u00e5r siden fra Amager, og siden er det ligesom g\u00e5et slag i slag mod, at blive en hyggelig bes\u00f8gsg\u00e5rd med glade dyr. Stedet byder ogs\u00e5 p\u00e5 b\u00e6r og blomster.<br>Vi ville gerne h\u00f8re om, hvordan de kom frem til beslutningen om at flytte fra Amager til \u00d8rslev og, hvordan det s\u00e5 opleves at leve t\u00e6t med natur og dyr<br><\/p>\n\n\n\n<p><strong>LOKALFORAF\u00c6LLES &#8211; Den Gule Stald, Kalvehave<\/strong><\/p>\n\n\n\n<p>21 lokalpolitikere fra Vordingborg Kommune m\u00f8dte repr\u00e6sentanter fra alle 13 lokalfora til en f\u00e6lles aften i Kalvehave. Fagudvalgsform\u00e6nd pr\u00e6senterede deres visioner, lokalforaene satte emner p\u00e5 dagsordenen \u2014 borgerbudgetter, energif\u00e6llesskaber, beredskab, turisme, grundvand, n\u00e6rdemokrati \u2014 og gruppediskussioner gav politikerne input til det kommende budgetseminar. Gennemg\u00e5ende \u00f8nske fra salen: mere borgerinddragelse f\u00f8r beslutningerne tr\u00e6ffes. M\u00f8deleder Helle Krogh Hansen holdt styr p\u00e5 tr\u00e5dene.<\/p>\n\n\n\n<p><strong>Genudsendelser:<\/strong><br>\ud83d\udcc5 Mandag\u2013fredag kl. 12.00\u201316.00<br>\ud83d\udcc5 L\u00f8rdag kl. 11.30\u201313.30<br>\ud83d\udcc5 S\u00f8ndag kl. 10.00\u201311.00<br><br><strong>Programmet publiceres i den efterf\u00f8lgende uge p\u00e5 vores <a href=\"https:\/\/youtube.com\/@kamoenalen\">YouTube-kanal<\/a>.<\/strong> <br><\/p>\n\n\n\n<p class=\"has-luminous-vivid-amber-color has-ti-fg-background-color has-text-color has-background has-link-color wp-elements-9b26c75c01c91bf28d62b87199e1165f\"><strong>UGENS TV-GUIDE: <\/strong><br><strong>UGE 13 &#8211; 2026<\/strong><\/p>\n\n\n\n<h2 class=\"wp-block-heading has-text-align-center\"><mark style=\"background-color:#fcb900\" class=\"has-inline-color has-ti-fg-color\">S\u00f8ndag 29\/3 kl. 11.00-13.00<\/mark><\/h2>\n\n\n\n<p><strong>UNESCO biosf\u00e6re p\u00e5 Geocenter M\u00f8n<\/strong><br>Eliza Jarl Estrup, UNESCO Site Manager for M\u00f8ns Klint, fort\u00e6ller om den igangv\u00e6rende ans\u00f8gningsproces for at f\u00e5 M\u00f8n godkendt som UNESCO biosf\u00e6rereservat. Hvad er et biosf\u00e6rereservat, hvad betyder det for \u00f8en, og hvordan adskiller det sig fra de fredninger og beskyttelser, der allerede findes? Et indblik i den administrative kamp for at f\u00e5 M\u00f8ns natur anerkendt internationalt.Eliza fort\u00e6ller om ans\u00f8gningsprocessen.<br><br><strong>Byforum Vordingborg<\/strong><\/p>\n\n\n\n<p>Arkitekt Julie fra LYTT Arkitekter pr\u00e6senterer deres vision for Vordingborgs byudvikling. Hvordan skaber man byliv, sammenh\u00e6ng og identitet i en by der b\u00e5de er pendlerby, handelsknudepunkt og historisk centrum? En samtale om arkitektur, byplanl\u00e6gning og de valg der former fremtidens Vordingborg.<\/p>\n\n\n\n<p><strong>FOLKEM\u00d8DE M\u00f8n 2026 Kick Off<\/strong><br>Det f\u00f8rste Folkem\u00f8de M\u00f8n sparkes i gang. Hvad er tanken bag, hvem inviteres, og hvad skal der tales om n\u00e5r demokratiet kommer til \u00f8en? En introduktion til formatet, programmet og visionen om at skabe en lokal debatplatform hvor landspolitik m\u00f8der lokale virkeligheder \u2014 og hvor de lokale borgere f\u00e5r ordet.<br><\/p>\n\n\n\n<p><strong>Genudsendelser:<\/strong><br>\ud83d\udcc5 Mandag\u2013fredag kl. 12.00\u201316.00<br>\ud83d\udcc5 L\u00f8rdag kl. 11.30\u201313.30<br>\ud83d\udcc5 S\u00f8ndag kl. 10.00\u201311.00<br><br><strong>Programmet publiceres i den efterf\u00f8lgende uge p\u00e5 vores <a href=\"https:\/\/youtube.com\/@kamoenalen\">YouTube-kanal<\/a>.<\/strong> <br><\/p>\n\n\n\n<p class=\"has-luminous-vivid-amber-color has-ti-fg-background-color has-text-color has-background has-link-color wp-elements-0236f811de1bbb22eab6afe2c8ed312b\"><strong>UGENS TV-GUIDE: <\/strong><br><strong>UGE 12 &#8211; 2026<\/strong><\/p>\n\n\n\n<h2 class=\"wp-block-heading has-text-align-center\"><mark style=\"background-color:#fcb900\" class=\"has-inline-color has-ti-fg-color\">S\u00f8ndag 22\/3 kl. 11.00-13.00<\/mark><\/h2>\n\n\n\n<p><strong>INFO\/Kam\u00f8nalen kommer forbi-Valgfl\u00e6sk 2026<\/strong><br>Politikerne m\u00f8der v\u00e6lgerne ved SuperBrugsen Lendemark, hvor brugsen serverer stegt fl\u00e6sk med kartoffelmos og persillesovs. En folkelig tradition hvor n\u00e6sten alle partier stiller op, v\u00e6lgerne f\u00e5r maden i sig, og samtalen g\u00e5r mellem bordb\u00e6nke og bodere. Bryghuset M\u00f8n leverer \u00f8l, og stemningen er pr\u00e6cis som lokalpolitik skal v\u00e6re: direkte, jordn\u00e6r og uden filter.<br><br><strong>SPECIAL-Fra Mark til Gr\u00f8nsagshave<\/strong> \/ <strong>Vilde haver \u2013&nbsp;<strong>F\u00e6lles om den M\u00f8nske muld<\/strong><\/strong><\/p>\n\n\n\n<p>Opl\u00e6g fra biolog Lotte Reiter og gartneri erfarne Claus Mortensen fra Oringe der deler ud af en masse praktisk viden \u2014 fra fr\u00f8valg og g\u00f8dning til jordbearbejdning og skadedyrsbek\u00e6mpelse.<\/p>\n\n\n\n<p><strong>Genudsendelser:<\/strong><br>\ud83d\udcc5 Mandag\u2013fredag kl. 12.00\u201316.00<br>\ud83d\udcc5 L\u00f8rdag kl. 11.30\u201313.30<br>\ud83d\udcc5 S\u00f8ndag kl. 10.00\u201311.00<br><br><strong>Programmet publiceres i den efterf\u00f8lgende uge p\u00e5 vores <a href=\"https:\/\/youtube.com\/@kamoenalen\">YouTube-kanal<\/a>.<\/strong> <br><\/p>\n\n\n\n<p class=\"has-luminous-vivid-amber-color has-ti-fg-background-color has-text-color has-background has-link-color wp-elements-08e7a5a409fcd45d523b65bc0c6889bb\"><strong>UGENS TV-GUIDE: <\/strong><br><strong>UGE 11 &#8211; 2026<\/strong><\/p>\n\n\n\n<h2 class=\"wp-block-heading has-text-align-center\"><mark style=\"background-color:#fcb900\" class=\"has-inline-color has-ti-fg-color\">S\u00f8ndag 15\/3 kl. 11.00-13.00<\/mark><\/h2>\n\n\n\n<p><strong>FREDSANDAGT v\/ Peter Tudvad<\/strong><br>En velbes\u00f8gt fredsandagt samlede lokale om refleksion, musik og h\u00e5b i en urolig tid. Frivillige og sognepr\u00e6st skabte en stund med harpemusik, f\u00e6llessang, lyst\u00e6nding og refleksion over fred og dens foruds\u00e6tninger. Initiativet er udsprunget af en studiekreds om teologen Dietrich Bonhoeffer og dennes virke under 1930&#8217;ernes oprustning.<br><br><strong>SPECIAL-Energif\u00e6llesskab p\u00e5 Jungshoved-Del 2<\/strong><\/p>\n\n\n\n<p>Der m\u00e5tte findes ekstra stole og b\u00e6nke frem for at f\u00e5 plads til alle de fremm\u00f8dte i gymnastiksalen, da Jungshoved Lokalforums klimaudvalg forleden havde indkaldt til Borgerm\u00f8de i Egnshuset. M\u00f8det skulle afkode interessen for at etablere et lokalt energif\u00e6llesskab p\u00e5 Jungshoved<\/p>\n\n\n\n<p><strong>FOLKEM\u00d8DE M\u00f8n 2025<\/strong><br>Kommunens telt b\u00f8d p\u00e5 en debat om hvordan vi skaber rammerne for et internationalt kraftcenter af gr\u00f8n energi i Vordingborg kommune. Modereret af Kristoffer Kock, og deltagelse af Helene Urth (Business Vordingborg), Stig R\u00f8mer Winther (Femern B\u00e6lt), Poul Fits Kj\u00e6r (Professor), Susanne Hyldelund (tidl. Ambassad\u00f8r)<\/p>\n\n\n\n<p><strong>Genudsendelser:<\/strong><br>\ud83d\udcc5 Mandag\u2013fredag kl. 12.00\u201316.00<br>\ud83d\udcc5 L\u00f8rdag kl. 11.30\u201313.30<br>\ud83d\udcc5 S\u00f8ndag kl. 10.00\u201311.00<br><br><strong>Programmet publiceres i den efterf\u00f8lgende uge p\u00e5 vores <a href=\"https:\/\/youtube.com\/@kamoenalen\">YouTube-kanal<\/a>.<\/strong> <br><\/p>\n\n\n\n<p class=\"has-luminous-vivid-amber-color has-ti-fg-background-color has-text-color has-background has-link-color wp-elements-130f594b0e76a2c50fb282574ba1f74b\"><strong>UGENS TV-GUIDE: <\/strong><br><strong>UGE 10 &#8211; 2026<\/strong><\/p>\n\n\n\n<h2 class=\"wp-block-heading has-text-align-center\"><mark style=\"background-color:#fcb900\" class=\"has-inline-color has-ti-fg-color\">S\u00f8ndag 8\/3 kl. 11.00-13.00<\/mark><\/h2>\n\n\n\n<p><strong>KAM\u00d8NALEN KOMMER FORBI<\/strong> &#8211; en slags INFO<br>Nu kommer der n\u00e6rbus p\u00e5 VestM\u00f8n, Movia kommer forbi og informerer, vi er med i Hjelmhuset til det f\u00f8rste m\u00f8de.<br><strong>Kunster Leif Madsen <\/strong><br>Det nye bibliotek i Pr\u00e6st\u00f8 sprudler af Leif Madsens v\u00e6rker, vi m\u00f8der kunstneren og en fan.<\/p>\n\n\n\n<p><strong>SPECIAL-Energif\u00e6llesskab p\u00e5 Jungshoved-Del 1<\/strong><\/p>\n\n\n\n<p>Der m\u00e5tte findes ekstra stole og b\u00e6nke frem for at f\u00e5 plads til alle de fremm\u00f8dte i gymnastiksalen, da Jungshoved Lokalforums klimaudvalg forleden havde indkaldt til Borgerm\u00f8de i Egnshuset. M\u00f8det skulle afkode interessen for at etablere et lokalt energif\u00e6llesskab p\u00e5 Jungshoved<\/p>\n\n\n\n<p><strong>Genudsendelser:<\/strong><br>\ud83d\udcc5 Mandag\u2013fredag kl. 12.00\u201316.00<br>\ud83d\udcc5 L\u00f8rdag kl. 11.30\u201313.30<br>\ud83d\udcc5 S\u00f8ndag kl. 10.00\u201311.00<br><br><strong>Programmet publiceres i den efterf\u00f8lgende uge p\u00e5 vores <a href=\"https:\/\/youtube.com\/@kamoenalen\">YouTube-kanal<\/a>.<\/strong> <br><\/p>\n\n\n\n<p class=\"has-luminous-vivid-amber-color has-ti-fg-background-color has-text-color has-background has-link-color wp-elements-f47e4d28383e6bc4d730fb32303706cf\"><strong>UGENS TV-GUIDE: <\/strong><br><strong>UGE 9 &#8211; 2026<\/strong><\/p>\n\n\n\n<h2 class=\"wp-block-heading has-text-align-center\"><mark style=\"background-color:#fcb900\" class=\"has-inline-color has-ti-fg-color\">S\u00f8ndag 1\/3 kl. 11.00-13.00<\/mark><\/h2>\n\n\n\n<p><strong>KAM\u00d8NALEN KOMMER FORBI<\/strong> &#8211; en slags INFO<br>S\u00e5 \u00e5bnede det nye bibliotek, borgerservice og lokalarkiv i de restaurerede St\u00f8berihaller centralt beliggende i Pr\u00e6st\u00f8. Men hvad synes folk egentlig om det nye sted og lokalerne? Hvad tror de, det kan tilf\u00f8re livet i k\u00f8bstaden?&nbsp;<br><br><strong>Special &#8211; Plademesse p\u00e5 Stars sidste s\u00f8ndag <\/strong><br>Det er en stor dag for musikentusiaster, n\u00e5r spillestedet i Vordingborg inviterer til plademesse. Det er is\u00e6r vinyler\/LP\u2019er der bliver handlet med. I \u00e5r var DJ\u2019s fra Musikbaren p\u00e5 Stars med til at skabe roterende stemning.<br>Vi hang med og talte med arrang\u00f8r, g\u00e6ster og standholdere og fik blandt andet syretestet den antropologiske fordom om, at det nok mest ville v\u00e6re m\u00e6nd over 50 \u00e5r, som finder vej til s\u00e5dan en messe.<br><a href=\"https:\/\/stars.dk\/\">https:\/\/stars.dk\/<\/a><\/p>\n\n\n\n<p><strong>Genudsendelser:<\/strong><br>\ud83d\udcc5 Mandag\u2013fredag kl. 12.00\u201316.00<br>\ud83d\udcc5 L\u00f8rdag kl. 11.30\u201313.30<br>\ud83d\udcc5 S\u00f8ndag kl. 10.00\u201311.00<br><br><strong>Programmet publiceres i den efterf\u00f8lgende uge p\u00e5 vores <a href=\"https:\/\/youtube.com\/@kamoenalen\">YouTube-kanal<\/a>.<\/strong> <br><\/p>\n\n\n\n<p class=\"has-luminous-vivid-amber-color has-ti-fg-background-color has-text-color has-background has-link-color wp-elements-12eab3135705927c9b62f7cd2de33eb6\"><strong>UGENS TV-GUIDE: <\/strong><br><strong>UGE 8 &#8211; 2026<\/strong><\/p>\n\n\n\n<h2 class=\"wp-block-heading has-text-align-center\"><mark style=\"background-color:#fcb900\" class=\"has-inline-color has-ti-fg-color\">S\u00f8ndag 22\/2 kl. 11.00-13.00<\/mark><\/h2>\n\n\n\n<p><strong>KAM\u00d8NALEN SPECIAL: HAVFRUEN I BASSINETS VERDEN<\/strong> <em>Et m\u00f8de med forestillingen &#8220;Den lille havfrue og prinsen<\/em><br>KAM\u00d8NALEN tager publikum med bag kulisserne og ind i sv\u00f8mmehallen, n\u00e5r Opera i Vordingborg og Det Ydre Rum bringer H.C. Andersens klassiske eventyr til live i DGI Huset Vordingborg. Vi m\u00f8der de kunstnere, der har skabt forestillingen, og taler med publikum om det, der r\u00f8rte dem mest: l\u00e6ngslen.<\/p>\n\n\n\n<p><strong>KAM\u00d8NALEN M\u00d8DER &#8211; MENNESKER MED NOGET P\u00c5 HJERTE<\/strong><br>Vi har v\u00e6ret til fernisering med Christel Witth\u00f8ft og Charlotte Popp hos Kunstforeningen Vordingborg i Kulturarkaden p\u00e5 biblioteket. Det er to rigtig sp\u00e6ndende og ret forskellige malere, som udfolder sig i det f\u00e6lles tema Forskydninger.<br>Den ene g\u00f8r sig i rum uden mennesker, den anden i mennesker uden rum. Det er lidt paradoksalt. VI bad dem fort\u00e6lle om deres kunst ud fra et af deres v\u00e6rker.<br>Og s\u00e5 skulle vi lige h\u00f8re, hvad der var fremgangsm\u00e5den, da Christels kunst poppede op i et tomt butikslokale p\u00e5 en af handelsgaderne i N\u00e6stved.<\/p>\n\n\n\n<p><strong>Genudsendelser:<\/strong><br>\ud83d\udcc5 Mandag\u2013fredag kl. 12.00\u201316.00<br>\ud83d\udcc5 L\u00f8rdag kl. 11.30\u201313.30<br>\ud83d\udcc5 S\u00f8ndag kl. 10.00\u201311.00<br><br><strong>Programmet publiceres i den efterf\u00f8lgende uge p\u00e5 vores YouTube-kanal.<\/strong><br><\/p>\n\n\n\n<p class=\"has-luminous-vivid-amber-color has-ti-fg-background-color has-text-color has-background has-link-color wp-elements-dc6b82c50dd28f3d88b87ac7319bd351\"><strong>UGENS TV-GUIDE: <\/strong><br><strong>UGE 7 &#8211; 2026<\/strong><\/p>\n\n\n\n<h2 class=\"wp-block-heading has-text-align-center\"><mark style=\"background-color:#fcb900\" class=\"has-inline-color has-ti-fg-color\">S\u00f8ndag 15\/2 kl. 11.00-13.00<\/mark><\/h2>\n\n\n\n<p><strong>KAM\u00d8NALEN INFO<\/strong><\/p>\n\n\n\n<ul class=\"wp-block-list\">\n<li><strong>DET G\u00c5R GODT FOR BIO M\u00d8N<\/strong><br>P\u00e5 <a href=\"http:\/\/dr.dk\">dr.dk<\/a> l\u00e6ste vi i en artikel, at det bare g\u00e5r godt for de lokale biografer for tiden. Vi er taget forbi Bio M\u00f8n og har afpr\u00f8vet, om det nu ogs\u00e5 kan passe. Formand Ulla Holmberg Olesen fort\u00e6ller om et rekordflot billetsalg i 2025, og vi snakker lidt om, hvad al det fremgang skyldes i den frivillig-drevne biograf p\u00e5 Storegade i Stege.<\/li>\n\n\n\n<li><strong>Tusindvis af fastelavnsboller i Nyr\u00e5d<\/strong><br>Danskerne er vilde med fastelavnsboller, og hos Tonies Bakery i Nyr\u00e5d har de mindst 12 forskellige slags \u2013 ofte med udsolgte dage. Butikspige Sara Farkas fort\u00e6ller, at de s\u00e6lger omkring 1.000 boller om ugen, at kunder kommer helt fra K\u00f8benhavn, og at nogle har smagt alle varianterne. H\u00f8r i indslaget, hvilken fastelavnsbolle der er den mest popul\u00e6re.<\/li>\n<\/ul>\n\n\n\n<p><strong>Vilde haver &#8211; <strong>F\u00e6lles om den M\u00f8nske muld<\/strong><\/strong><br>Hvad nu hvis naboen har jorden, og du har lysten? Eller omvendt? Det sp\u00f8rgsm\u00e5l satte Hjelmhuset i Stege rammen om, da de en s\u00f8ndag eftermiddag i februar samlede et panel af biologer, \u00f8kologiske landm\u00e6nd og dyrkningsentusiaster til en temaeftermiddag om gr\u00f8ntsagsdyrkning og f\u00e6lleshaver p\u00e5 M\u00f8n. Med opl\u00e6g fra bl.a. biolog Lotte Reiter, gartnerierfarne Claus Mortensen fra Oringe og statskontrolleret \u00f8kolog Martin Frost var der masser af praktisk viden at hente \u2014 fra fr\u00f8valg og g\u00f8dning til jordbearbejdning og skadedyrsbek\u00e6mpelse. Og s\u00e5 var der Evelyn Meyer, der fra sine erfaringer med f\u00e6llesgr\u00f8nt i Birker\u00f8d satte meget konkrete ord p\u00e5, hvad det egentlig kr\u00e6ver at dyrke gr\u00f8ntsager sammen med andre. For det handler ikke kun om gr\u00f8ntsager. Det handler om f\u00e6llesskab, selvforsyning og om at bruge den jord, M\u00f8n faktisk har rigeligt af. Vi var til stede og talte med paneldeltagere og nogle af dem, der kom med en mark, en dr\u00f8m eller bare en nysgerrighed under armen.<\/p>\n\n\n\n<p><strong>Polle fiction lever p\u00e5 Krummeb\u00e6kgaard<\/strong><br>V\u00e6rkstedsskolen Krummeb\u00e6kgaard ved Askeby har sat sig for at g\u00f8re noget s\u00e6rligt. Inspireret af den elskede danske film &#8216;Polle fiction&#8217; har elever og ansatte g\u00e5et sammen om at skabe en teaterkoncert, der hylder filmens humor, varme og dens fort\u00e6lling om k\u00e6rlighedens krogede veje. Med fuldt orkester i teatersalen i Hvide L\u00e6nge bringer skolen filmens ikoniske scener til live &#8211; akkompagneret af en lind str\u00f8m af danske musikalske hits, der s\u00e6tter rammen om en forestilling, der lover at v\u00e6re alt andet end s\u00e6dvanlig teater. <br>Vi er taget til Krummeb\u00e6kgaard for at m\u00f8de de mennesker, der har skabt det hele &#8211; elever, ansatte og g\u00e6ster &#8211; og h\u00f8re, hvad projektet har betydet for dem.<\/p>\n\n\n\n<p><strong>Genudsendelser:<\/strong><br>\ud83d\udcc5 Mandag\u2013fredag kl. 12.00\u201316.00<br>\ud83d\udcc5 L\u00f8rdag kl. 11.30\u201313.30<br>\ud83d\udcc5 S\u00f8ndag kl. 10.00\u201311.00<br><br><strong>Programmet publiceres i den efterf\u00f8lgende uge p\u00e5 vores <a href=\"https:\/\/youtube.com\/@kamoenalen\">YouTube-kanal<\/a>.<\/strong> <br><\/p>\n\n\n\n<p class=\"has-luminous-vivid-amber-color has-ti-fg-background-color has-text-color has-background has-link-color wp-elements-2f4ea114c16f00f80eec1be9bd3495ad\"><strong>UGENS TV-GUIDE: <\/strong><br><strong>UGE 6 &#8211; 2026<\/strong><\/p>\n\n\n\n<h2 class=\"wp-block-heading has-text-align-center\"><mark style=\"background-color:#fcb900\" class=\"has-inline-color has-ti-fg-color\">S\u00f8ndag 8\/2 kl. 11.00-13.00<\/mark><\/h2>\n\n\n\n<p><strong>KAM\u00d8NALEN INFO<\/strong><\/p>\n\n\n\n<p><strong>Vordingborg Erhvervspris 2025<\/strong><\/p>\n\n\n\n<p>Hvert \u00e5r samles det lokale erhvervsliv til en festlig aften, hvor Vordingborg Erhvervsforening uddeler erhvervspriser til virksomheder, der har udm\u00e6rket sig gennem s\u00e6rlig indsats, innovation, v\u00e6kst eller b\u00e6redygtige tiltag. Vi viser hele prisuddelingen, hvor \u00e5rets vindere af Erhvervsprisen, Den Gr\u00f8nne Pris og Overraskelsesprisen hyldes foran kollegaer og erhvervsf\u00e6ller. Desuden bringer vi et eksklusivt interview med vinderen, der fort\u00e6ller om deres rejse og hvad prisen betyder for virksomheden.<br>En fejring af lokalt iv\u00e6rks\u00e6tteri og den energi, der driver vores erhvervsliv fremad.<\/p>\n\n\n\n<p><strong>Genudsendelser:<\/strong><br>\ud83d\udcc5 Mandag\u2013fredag kl. 12.00\u201316.00<br>\ud83d\udcc5 L\u00f8rdag kl. 11.30\u201313.30<br>\ud83d\udcc5 S\u00f8ndag kl. 10.00\u201311.00<br><br><strong>Programmet publiceres i den efterf\u00f8lgende uge p\u00e5 vores <a href=\"https:\/\/youtube.com\/@kamoenalen\">YouTube-kanal<\/a>.<\/strong><br><\/p>\n\n\n\n<p class=\"has-luminous-vivid-amber-color has-ti-fg-background-color has-text-color has-background has-link-color wp-elements-63e96f84b653ab9a1c151fe8ca944c7c\"><strong>UGENS TV-GUIDE: <\/strong><br><strong>UGE 5 &#8211; 2026<\/strong><\/p>\n\n\n\n<h2 class=\"wp-block-heading has-text-align-center\"><mark style=\"background-color:#fcb900\" class=\"has-inline-color has-ti-fg-color\">S\u00f8ndag 1\/2 kl. 11.00-13.00<\/mark><\/h2>\n\n\n\n<p><strong>KAM\u00d8NALEN INFO<\/strong><\/p>\n\n\n\n<ul class=\"wp-block-list\">\n<li><strong>Bycentrum i Vordingborg deler ud Sociale Medie-pris<br><\/strong>Christina fra specialbutikken Jonica i Vordingborg har lige f\u00e5et den nystiftede Sociale Medie-pris af Bycentrum. Vi snakker med hende, om den autentiske stil hun har i de videoer hun ligger op for butikken, og hvordan hun arbejder med balancen mellem fysisk butik i Algade og tilstedev\u00e6relsen p\u00e5 sociale medier &#8211; selvf\u00f8lgelig ogs\u00e5 om hvordan det er at modtage prisen. <a href=\"https:\/\/jonica.dk\/\">https:\/\/jonica.dk\/<\/a>&nbsp;<\/li>\n\n\n\n<li><strong>Kyndelmisse<\/strong><br>Vi taler om kyndelmisse, midtvinterdagen hvor man i \u00e5rhundreder har s\u00f8gt b\u00e5de h\u00e5b og varsler. Kyndelmisse falder den 2. februar, midtvejs mellem vintersolhverv og for\u00e5rsj\u00e6vnd\u00f8gn. I det \u00e6ldre bondesamfund markerede man dagen som vinterens vendepunkt \u2013 et tidspunkt hvor bonden helst skulle have halvdelen af vinterforr\u00e5det tilbage, og hvor man kunne ane for\u00e5rets f\u00f8rste l\u00f8fter i m\u00f8rket. Som andre gamle m\u00e6rkedage blev kyndelmisse ogs\u00e5 brugt som varselstid:<br>\u2013 L\u00e6rkens sang kunne love lunt vejr.<br>\u2013 Solskin kunne varsle frost og sne.<br>\u2013 Og gemte man lidt af julens fine hvedebr\u00f8d og spiste det p\u00e5 kyndelmissedagen, kunne man efter sigende undg\u00e5 rygsmerter. <br>Vi taler med pr\u00e6st Therese Nielsen fra Vordingborg Kirke om traditionerne, historien og hvad midvinter kan give os af ro i en urolig tid. (Kyndelmisse Gudstjeneste Mandag 2. februar 2026, kl. 19:00, Kirketorvet 14A, Vordingborg)<\/li>\n<\/ul>\n\n\n\n<p><strong>Kommunens Kulturpriser uddeles&nbsp;<\/strong><br>Vi er med til Vordingborg Kommunes uddeling af kulturpriserne for 2025. Publikumsprisen bliver afsl\u00f8ret p\u00e5 aftenen, der ogs\u00e5 byder p\u00e5 underholdning, taler, indblik, overraskelser.<br>Scenekunst er omdrejningspunktet for \u00e5rets modtagere af Vordingborg Kommunes Kulturpriser 2025 og det er allerede kendt, at skuespiller, komiker og instrukt\u00f8r Paolo Nani og scenograf Kristian Knudsen f\u00e5r kulturprisen.&nbsp;<br>Fejringen af kulturlivet sker p\u00e5 spillestedet Stars.&nbsp;<\/p>\n\n\n\n<p><strong>Sk\u00f8nne minder fra opv\u00e6ksten i Stege og ved Noret&nbsp;<\/strong><br>Forfatter og pr\u00e6stes\u00f8n Jens Balslev har skrevet en r\u00e6kke noveller fra barndommens land i pr\u00e6steg\u00e5rden i Stege og ved Noret. Vi var med da Balslev kom til forfatteraften hos LitteraturSelskabet Nordbrandt p\u00e5 M\u00f8n Bibliotek og fortalte om de flot sansede og godt erindrede noveller fra en barndom i 1950\u2019erne og 60\u2019ernes M\u00f8n &#8211; som nu er historie, men ikke engang er en menneskealder siden.<\/p>\n\n\n\n<p><strong>Genudsendelser:<\/strong><br>\ud83d\udcc5 Mandag\u2013fredag kl. 12.00\u201316.00<br>\ud83d\udcc5 L\u00f8rdag kl. 11.30\u201313.30<br>\ud83d\udcc5 S\u00f8ndag kl. 10.00\u201311.00<br><br><strong>Programmet publiceres i den efterf\u00f8lgende uge p\u00e5 vores YouTube-kanal.<\/strong><\/p>\n\n\n\n<p class=\"has-luminous-vivid-amber-color has-ti-fg-background-color has-text-color has-background has-link-color wp-elements-45e987b6793c471db66213a25fb52bbc\"><strong>UGENS TV-GUIDE: <\/strong><br><strong>UGE 4 &#8211; 2026<\/strong><\/p>\n\n\n\n<h2 class=\"wp-block-heading has-text-align-center\"><mark style=\"background-color:#fcb900\" class=\"has-inline-color has-ti-fg-color\">S\u00f8ndag 25\/1 kl. 11.00-13.00<\/mark><\/h2>\n\n\n\n<p><strong>KAM\u00d8NALEN INFO<\/strong><\/p>\n\n\n\n<ul class=\"wp-block-list\">\n<li><strong>Kulturlivet i kommunen \u2013 hvad savner vi, og hvad fungerer?<\/strong><br>Kam\u00f8nalen sp\u00f8rger folk p\u00e5 gaden, om de er tilfredse med kulturlivet i vores kommune eller hvad de kunne t\u00e6nke sig mere af &#8211; eller m\u00e5ske noget vi slet ikke har p\u00e5 plakaten.&nbsp;<\/li>\n\n\n\n<li><strong>Hvad sker der bag pappet?<\/strong><br>Caf\u00e9en Baryhl lukkede i december p\u00e5 Storegade i Stege. Noget nyt har v\u00e6ret p\u00e5 vej bag vinduerne. H\u00e5ndv\u00e6rkerne har v\u00e6ret i fuld gang i januar, og denne uge var der \u00e5bning af det nye sted. Vi var med og snakkede med de nye ejere for at h\u00f8re, hvad deres planer og ideer er med Gastr\u00f6 Stege. Det er jo ikke den mest turisttunge tid p\u00e5 \u00e5ret, de starter ud.&nbsp;<\/li>\n<\/ul>\n\n\n\n<p><strong>Genudsendelser:<\/strong><br>\ud83d\udcc5 Mandag\u2013fredag kl. 12.00\u201316.00<br>\ud83d\udcc5 L\u00f8rdag kl. 11.30\u201313.30<br>\ud83d\udcc5 S\u00f8ndag kl. 10.00\u201311.00<br><br><strong>Programmet publiceres i den efterf\u00f8lgende uge p\u00e5 vores YouTube-kanal.<\/strong><\/p>\n\n\n\n<p class=\"has-luminous-vivid-amber-color has-ti-fg-background-color has-text-color has-background has-link-color wp-elements-a051181cc32a22ed3dff7e078f397083\"><strong>UGENS TV-GUIDE: <\/strong><br><strong>UGE 3 &#8211; 2026<\/strong><\/p>\n\n\n\n<h2 class=\"wp-block-heading has-text-align-center\"><mark style=\"background-color:#fcb900\" class=\"has-inline-color has-ti-fg-color\">S\u00f8ndag 18\/1 kl. 11.00-13.00<\/mark><\/h2>\n\n\n\n<p><strong>KAM\u00d8NALEN INFO<\/strong><\/p>\n\n\n\n<ul class=\"wp-block-list\">\n<li>Er Vordingborg en tryg by at leve i? <br>Vi har spurgt to lokale fra Vordingborg og en der driver butik i byen, om de oplever, at&nbsp; Vordingborg er en tryg by.<\/li>\n<\/ul>\n\n\n\n<p><strong>Virkeligheden i Vordingborg \u2013 set med politiets \u00f8jne<br><\/strong>Kriminalkommis\u00e6r Kent Edvardsen fra Sydsj\u00e6llands og Lolland-Falsters Politi synes i det store hele, at Vordingborg er en tryg by at leve i. Vi har talt med ham om byen, stederne og statistikken og f\u00e5et politiets blik p\u00e5 kommunens st\u00f8rste by.<\/p>\n\n\n\n<p><strong>Morgensang har guld i mund \u2013 f\u00e6llesskab og sang p\u00e5 Vordingborg bibliotek<br><\/strong>Pianist Helle N\u00f8rgaard og Vordingborg Biblioteks Angelique Buch var grundige til morgensang forleden i bibliotekets sal. Der var b\u00e5de fysisk opvarming, fort\u00e6lling om den enkelte sang fra H\u00f8jskolesangbogen og de over 20 fremm\u00f8dte blev flere gange sat til at synge f\u00f8rste vers om igen&nbsp; &#8211; for ligesom at f\u00e5 den ind under huden. Alt sammen i god stemning.<\/p>\n\n\n\n<p><strong>Folkem\u00f8de M\u00f8n i Pavillon K<\/strong><\/p>\n\n\n\n<p><strong>Pleje Samtale med J\u00f8rgen Rasmussen<\/strong><\/p>\n\n\n\n<p><strong>Genudsendelser:<\/strong><br>\ud83d\udcc5 Mandag\u2013fredag kl. 12.00\u201316.00<br>\ud83d\udcc5 L\u00f8rdag kl. 11.30\u201313.30<br>\ud83d\udcc5 S\u00f8ndag kl. 10.00\u201311.00<br><br><strong>Programmet publiceres i den efterf\u00f8lgende uge p\u00e5 vores YouTube-kanal.<\/strong><\/p>\n\n\n\n<p class=\"has-luminous-vivid-amber-color has-ti-fg-background-color has-text-color has-background has-link-color wp-elements-86da49f333cc8bd69fa5a4607e0ab659\"><strong>UGENS TV-GUIDE: <\/strong><br><strong>UGE 2<\/strong> <strong>&#8211; 2026<\/strong><\/p>\n\n\n\n<h2 class=\"wp-block-heading has-text-align-center\"><mark style=\"background-color:#fcb900\" class=\"has-inline-color has-ti-fg-color\">S\u00f8ndag 11\/1 kl. 11.00-13.00<\/mark><\/h2>\n\n\n\n<p><strong>KAM\u00d8NALEN INFO<\/strong><\/p>\n\n\n\n<ul class=\"wp-block-list\">\n<li>M\u00f8n Motionsklubb<\/li>\n\n\n\n<li>Vintersange i sogneg\u00e5rden<\/li>\n<\/ul>\n\n\n\n<p><strong>Samtaler vi deler<\/strong> &#8211; Direkt\u00f8r Hans Snestrup DGI Huset i Vordingborg<\/p>\n\n\n\n<p><strong>Portr\u00e6t af Scenograf og arkitekt Kristian Knudsen<\/strong><br>Vi m\u00f8dte Kristian Knudsen p\u00e5 sit v\u00e6rksted hjemme i Jungshoved og fik en snak om hans baggrund, kunst, fremtidsdr\u00f8mme og ikke mindst reflekterede Kristian over sine arbejdsmetoder, interviewet er krydret med eksempler fra Kristian bidrag til den danske scenekunst.<\/p>\n\n\n\n<p><strong>Genudsendelser:<\/strong><br>\ud83d\udcc5 Mandag\u2013fredag kl. 12.00\u201316.00<br>\ud83d\udcc5 L\u00f8rdag kl. 11.30\u201313.30<br>\ud83d\udcc5 S\u00f8ndag kl. 10.00\u201311.00<br><br><strong>Programmet publiceres i den efterf\u00f8lgende uge p\u00e5 vores YouTube-kanal.<\/strong><\/p>\n\n\n\n<p class=\"has-luminous-vivid-amber-color has-ti-fg-background-color has-text-color has-background has-link-color wp-elements-77739723cab08be1bf58f63729557e37\"><strong>UGENS TV-GUIDE: <\/strong><br><strong>UGE 1<\/strong> <strong>&#8211; 2026<\/strong><\/p>\n\n\n\n<h2 class=\"wp-block-heading has-text-align-center\"><mark style=\"background-color:#fcb900\" class=\"has-inline-color has-ti-fg-color\">S\u00f8ndag 4\/1 kl. 11.00-13.00<\/mark><\/h2>\n\n\n\n<p><strong>KAM\u00d8NALEN INFO<\/strong><\/p>\n\n\n\n<ul class=\"wp-block-list\">\n<li><strong>BUTIKSLIV DER FLYTTER SIG<\/strong><br>I en tid, hvor der er snak om tomme butikslokaler i vores k\u00f8bstader, har vi talt med tre butikker, det stadig er der, men har skiftet i l\u00f8bet af \u00e5ret. iDevice er flyttet t\u00e6ttere p\u00e5 centrum i Vordingborg, Hjorths Grillbar ved Stensved har skiftedag og Konditorbager i Stege vendte tilbage i maj. Hvorfor og og hvordan er det s\u00e5 g\u00e5et?<br><\/li>\n\n\n\n<li><strong>Nyt\u00e5rs\u00f8nsker i Stensved<\/strong><br>Vi spurgte folk foran det ene supermarked i Stensved, hvad de g\u00e5r og har af nyt\u00e5rs\u00f8nsker &#8211; enten for sig selv eller omr\u00e5det. Det kom der nogle korte og kontante svar ud af!&nbsp;<br><\/li>\n\n\n\n<li><strong>Gran Finale<\/strong> &#8211; Hvad g\u00f8r du med juletr\u00e6et efter jul -tips fra planteskolen Stege Bugt<\/li>\n<\/ul>\n\n\n\n<p><strong>Portr\u00e6t: <\/strong>Paolo Nani &#8211; Kulturprisvinner; Vordingborg Kommunes \u00c6respris 2025<\/p>\n\n\n\n<p><strong>Kaleidoskop<\/strong>: Storstr\u00f8m DOX 2025<br>Dokumentarfilmfestival Storstr\u00f8mDOX for 6. klasserne i N\u00e6stved, Vordingborg, Lolland, Stevns, Faxe og Guldborgsund Kommune.<\/p>\n\n\n\n<p><strong>Genudsendelser:<\/strong><br>\ud83d\udcc5 Mandag\u2013fredag kl. 12.00\u201316.00<br>\ud83d\udcc5 L\u00f8rdag kl. 11.30\u201313.30<br>\ud83d\udcc5 S\u00f8ndag kl. 10.00\u201311.00<br><br><strong>Programmet publiceres i den efterf\u00f8lgende uge p\u00e5 vores YouTube-kanal.<\/strong><\/p>\n\n\n\n<p class=\"has-luminous-vivid-amber-color has-ti-fg-background-color has-text-color has-background has-link-color wp-elements-e17a77d8469580ea99670a52db07565c\"><strong>UGENS TV-GUIDE: <\/strong><br><strong>UGE 52<\/strong><\/p>\n\n\n\n<h2 class=\"wp-block-heading has-text-align-center\"><mark style=\"background-color:#fcb900\" class=\"has-inline-color has-ti-fg-color\">S\u00f8ndag 28\/12 kl. 11.00-13.00<\/mark><\/h2>\n\n\n\n<p>Genudsendelser fra 2025<\/p>\n\n\n\n<p><strong>Genudsendelser:<\/strong><br>\ud83d\udcc5 Mandag\u2013fredag kl. 12.00\u201316.00<br>\ud83d\udcc5 L\u00f8rdag kl. 11.30\u201313.30<br>\ud83d\udcc5 S\u00f8ndag kl. 10.00\u201311.00<br><br>Programmen publiceres p\u00e5 vores YouTube-kanal torsdagen derp\u00e5<\/p>\n\n\n\n<p class=\"has-luminous-vivid-amber-color has-ti-fg-background-color has-text-color has-background has-link-color wp-elements-c6cc72c4c257babd2b10118f3df2cb68\"><strong>UGENS TV-GUIDE: <\/strong><br><strong>UGE 51<\/strong><\/p>\n\n\n\n<h2 class=\"wp-block-heading has-text-align-center\"><mark style=\"background-color:#fcb900\" class=\"has-inline-color has-ti-fg-color\">S\u00f8ndag 21\/12 kl. 11.00-13.00<\/mark><\/h2>\n\n\n\n<p><strong>KAM\u00d8NALEN INFO<\/strong><\/p>\n\n\n\n<ul class=\"wp-block-list\">\n<li><strong>FEJRING AF K\u00c6RLIGHEDENS FORFATTER<\/strong><br>Bio M\u00f8n og LitteraturSelskabet Nordbrandt samlede 40 g\u00e6ster til markering af forfatter Jane Austens 250 \u00e5rs-dag forleden. G\u00e6sterne fik b\u00e5de engelsk te-bord med scoenes og agurkesandwich, opl\u00e6g af flex-m\u00f8nbo og redakt\u00f8r p\u00e5 Gyldendal Ole Knudsen og s\u00e5 2005-versionen af Austen-filmatiseringen \u201cStolthed og fordom\u201d. En aften i hyggens \u00e6g k\u00e6rlighedens navn &#8211; for mange er Jane Austen k\u00e6rlighedens forfatter nummer 1. Og som Ole Knudsen sagde, har der aldrig v\u00e6ret pause i at trykke hendes seks romaber i samfulde 250 \u00e5r.<br><\/li>\n\n\n\n<li><strong>Hvad skal der med p\u00e5 tr\u00e6et af pynt?<br><\/strong>Hvad skal der v\u00e6re med p\u00e5 juletr\u00e6et af pynt for, at det er som det skal v\u00e6re? Vi har spurgt folk p\u00e5 gaden om pynt og pragt og, hvad der bare skal v\u00e6re med p\u00e5 tr\u00e6et for, at det er som de \u00f8nsker sig det.&nbsp;<br><\/li>\n<\/ul>\n\n\n\n<p><strong>KAM\u00d8NALEN SPECIAL &#8211; HVAD K\u00d8BER VI TIL JUL?<\/strong><br>Vi har bes\u00f8gt en h\u00e5ndfuld butikker og spurgt, hvad kunderne s\u00e6rligt g\u00e5r efter i december.<br>Er der noget der trender eller er vi mere til traditioner og klassikere?&nbsp;<br><\/p>\n\n\n\n<p><strong>Genudsendelser:<\/strong><br>\ud83d\udcc5 Mandag\u2013fredag kl. 12.00\u201316.00<br>\ud83d\udcc5 L\u00f8rdag kl. 11.30\u201313.30<br>\ud83d\udcc5 S\u00f8ndag kl. 10.00\u201311.00<br><br>Programmen publiceres p\u00e5 vores YouTube-kanal torsdagen derp\u00e5<\/p>\n\n\n\n<p class=\"has-luminous-vivid-amber-color has-ti-fg-background-color has-text-color has-background has-link-color wp-elements-2d12b6ea8bb0d73b85c5f39f95aed221\"><strong>UGENS TV-GUIDE: <\/strong><br><strong>UGE 50<\/strong><\/p>\n\n\n\n<h2 class=\"wp-block-heading has-text-align-center\"><mark style=\"background-color:#fcb900\" class=\"has-inline-color has-ti-fg-color\">S\u00f8ndag 14\/12 kl. 11.00-13.00<\/mark><\/h2>\n\n\n\n<p><strong>Fejring af UNESCO 80 \u00e5r <\/strong>&#8211; Den 7. december fejrede vi UNESCO\u2019s 80-\u00e5rs jubil\u00e6um p\u00e5 Julebazaren i Sukkerfabrikken.  <br><br>Tidligere godsejer Peter Scavenius pl\u00e6derede for en bredere udbredelse af Unesco Verdensarv-titlen, da der var talk p\u00e5 Biosf\u00e6re Julebazaren i Stege p\u00e5 den gamle sukkerfabrik. Det kom ogs\u00e5 frem i samtalen mellem moderator Kathrine Olldag, Claus Staal og Peter Scavenius, at M\u00f8n er eneste sted i landet der er betitlet med b\u00e5de Biosf\u00e6re- og verdensarv.<br>Deltagere: Claus Staal \u2013 medlem af UNESCO\u2019s Nationalkommission<br>Peter Scavenius \u2013 tidligere formand for Geocenter M\u00f8ns Klint og godsejer p\u00e5 Klintholm Gods<br>Moderator: Kathrine Olldag \u2013 Centerchef for Kultur, Fritid og Udvikling i Vordingborg Kommune og leder af det kommende UNESCO-sekretariat<\/p>\n\n\n\n<p><strong>Den Gamle Bykro<\/strong><\/p>\n\n\n\n<p><strong>Byudvikling Vordingborg<\/strong><\/p>\n\n\n\n<p><strong>Genudsendelser:<\/strong><br>\ud83d\udcc5 Mandag\u2013fredag kl. 12.00\u201316.00<br>\ud83d\udcc5 L\u00f8rdag kl. 11.30\u201313.30<br>\ud83d\udcc5 S\u00f8ndag kl. 10.00\u201311.00<br><br>Programmen publiceres p\u00e5 vores YouTube-kanal torsdagen derp\u00e5<\/p>\n\n\n\n<p class=\"has-luminous-vivid-amber-color has-ti-fg-background-color has-text-color has-background has-link-color wp-elements-19aacdde0e0579f9707f6775083d07a2\"><strong>UGENS TV-GUIDE: <\/strong><br><strong>UGE 49<\/strong><\/p>\n\n\n\n<h2 class=\"wp-block-heading has-text-align-center\"><mark style=\"background-color:#fcb900\" class=\"has-inline-color has-ti-fg-color\">S\u00f8ndag 7\/12 kl. 11.00-13.00<\/mark><\/h2>\n\n\n\n<p><strong>KAM\u00d8NALEN INFO<\/strong><br>Julelys for vores \u00f8jne &#8211; I de sidste dage i november blev de fleste f\u00e6lles juletr\u00e6er p\u00e5 byernes torve og steder t\u00e6ndt i vores kommune. De har gjort det lidt senere end de andre p\u00e5 Fanefjord Torv. Her blev tr\u00e6et t\u00e6ndt fredag d. 5. december. Trods regn og det var r\u00e5koldt m\u00f8dte over 100 mennesker frem. Vi tog forbi for at indfange stemningen og h\u00f8re, om der gemmer sig en s\u00e6rlig pointe i at vente til december med juletr\u00e6st\u00e6ndingen. Det viste sig, at b\u00f8rnene fra den lokale friskole havde lavet lanterner som ekstra lys p\u00e5 tr\u00e6et.&nbsp;<br>INTERVIEWS med: daglig leder Alexandra Ward, borger Mogens \u00c5sige, Bindingsv\u00e6rksVognen Andreas Fjeldal Hellwing<\/p>\n\n\n\n<p><strong>KAM\u00d8NALEN M\u00d8DER &#8211; Mennesker med noe p\u00e5 hjertet<\/strong><br>Hvorn\u00e5r oplever vi uselviske handlinger? I denne s\u00f8de juletid kredser vi om, hvad julen egentlig handler om. Gavmildhed og uselvished er blandt v\u00e6rdierne.<br>Interviewede:Nette Saabye, Bo Petersen, John Bay S\u00f8rensen, Kenneth Clemmensen og Elsa Kleffel.<\/p>\n\n\n\n<p><strong>IND I MUSIKKEN &#8211; PROTEST!<\/strong><br>Protest! &#8211; en fort\u00e6llerkoncert med Claus Vittus, S\u00f8ren Ingemann Zinck og Jonas Bjerring<\/p>\n\n\n\n<p><strong>Genudsendelser:<\/strong><br>\ud83d\udcc5 Mandag\u2013fredag kl. 12.00\u201316.00<br>\ud83d\udcc5 L\u00f8rdag kl. 11.30\u201313.30<br>\ud83d\udcc5 S\u00f8ndag kl. 10.00\u201311.00<br><br>Programmen publiceres p\u00e5 vores YouTube-kanal torsdagen derp\u00e5<\/p>\n\n\n\n<p class=\"has-luminous-vivid-amber-color has-ti-fg-background-color has-text-color has-background has-link-color wp-elements-b309a61dd7a3cfe3d6f458b2c4193e4c\"><strong>UGENS TV-GUIDE: <\/strong><br><strong>UGE 48<\/strong><\/p>\n\n\n\n<h2 class=\"wp-block-heading has-text-align-center\"><mark style=\"background-color:#fcb900\" class=\"has-inline-color has-ti-fg-color\">S\u00f8ndag 30\/11 kl. 11.00-13.00<\/mark><\/h2>\n\n\n\n<p><strong>KAM\u00d8NALEN <em>SPECIAL<\/em><\/strong><\/p>\n\n\n\n<ul class=\"wp-block-list\">\n<li><strong>Litteratur fra det lokale<\/strong><br>Forlaget Fanefjord har aktuelt udgivet b\u00e5de en roman, noveller og digte. Tidligere forskellig faglitteratur.&nbsp;Vi har snakket med forl\u00e6gger Eva Weber, b\u00e5de om de seneste udgivelser og for at h\u00f8re, hvad der driver hende, og &nbsp;hvordan det er at starte bogforlag ude p\u00e5 landet.&nbsp;<\/li>\n<\/ul>\n\n\n\n<p><strong>Samtaler vi deler<\/strong><br><strong>Episode 4; LIVSTID &#8211; EFTER\u00c5R: HVAD ER ALDRING?<\/strong><br>Hvad betyder det egentlig at blive gammel? I seriens f\u00f8rste afsnit introducerer aldringsforsker Aske Juul Lassen os til aldersbegreberne: aktiv aldring, alderisme, pensionsovergange og v\u00e6rdighed. Hans forskningsperspektiv bliver ledetr\u00e5den for de samtaler, der venter i Vordingborg.<\/p>\n\n\n\n<p><strong>Ind i musikken: M\u00f8n Festivalen<\/strong><br>P\u00e5 HOB-huset samles gamle og nye kr\u00e6fter for at genrejse M\u00f8n Festival til 2026. Siden den f\u00f8rste festival i 1974 har der v\u00e6ret lange pauser, men nu samles pionerer fra tre generationer \u2013 1974, 1999 og 2018 \u2013 for at fejre festivalens 50-\u00e5rige historie og skabe fremtiden. Over pladelytning, sammenskudsgilde og musikalske overraskelser deles historier, dr\u00f8mme og planer. M\u00f8n Festival har altid handlet om f\u00e6llesskab, lokal musik og de m\u00f8nske vidder. Nu skal traditionen videref\u00f8res. Hvad skal festivalen i 2026 bringe?<\/p>\n\n\n\n<p><strong>Genudsendelser:<\/strong><br>\ud83d\udcc5 Mandag\u2013fredag kl. 12.00\u201316.00<br>\ud83d\udcc5 L\u00f8rdag kl. 11.30\u201313.30<br>\ud83d\udcc5 S\u00f8ndag kl. 10.00\u201311.00<br><br>Programmen publiceres p\u00e5 vores YouTube-kanal torsdagen derp\u00e5<\/p>\n\n\n\n<p class=\"has-luminous-vivid-amber-color has-ti-fg-background-color has-text-color has-background has-link-color wp-elements-baf63a6414daf7488baa71d65504d815\"><strong>UGENS TV-GUIDE: <\/strong><br><strong>UGE 47<\/strong><\/p>\n\n\n\n<h2 class=\"wp-block-heading has-text-align-center\"><mark style=\"background-color:#fcb900\" class=\"has-inline-color has-ti-fg-color\">S\u00f8ndag 23\/11 kl. 11.00-13.00<\/mark><\/h2>\n\n\n\n<p><strong>KAM\u00d8NALEN INFO<\/strong><br>Valgaften d. 18\/11 Vordingborg gymnasium<\/p>\n\n\n\n<p>Jul p\u00e5 \u00d8rslev genbrug<\/p>\n\n\n\n<p><strong>Special:<\/strong> <strong>Valgdebatten blev vendt p\u00e5 hovedet p\u00e5 Bog\u00f8&nbsp;&#8211; Det omvendte v\u00e6lgerm\u00f8de<\/strong><br>Det hele blev grebet lidt omvendt an til v\u00e6lgerm\u00f8det i Bog\u00f8 Forsamlingshus forleden.&nbsp;<br>For eksempel skulle de fremm\u00f8dte lokalpolitikere bruge en god del af tiden p\u00e5 at lytte til borgerne.&nbsp;Der var ogs\u00e5 krav om at give politiske l\u00f8fter til sidst.&nbsp;Under opvarmningen hvor deltagerne skulle forestille sig fremtiden i 2037 var der s\u00e5 stille, at man nok aldrig har oplevet s\u00e5 mange politikere v\u00e6re tavse sammen i s\u00e5 mange minutter!&nbsp;<br>Det hele blev sat i scene af journalist og tidligere chefredakt\u00f8r Tanja Nyrup Madsen, der har udviklet Det Omvendte V\u00e6lgerm\u00f8de.<br>Vi var med og lavede reportage fra den sp\u00e6ndende aften.&nbsp;<\/p>\n\n\n\n<p><strong>Genudsendelser:<\/strong><br>\ud83d\udcc5 Mandag\u2013fredag kl. 12.00\u201316.00<br>\ud83d\udcc5 L\u00f8rdag kl. 11.30\u201313.30<br>\ud83d\udcc5 S\u00f8ndag kl. 10.00\u201311.00<br><br>Programmen publiceres p\u00e5 vores YouTube-kanal torsdagen derp\u00e5 (27\/11)<\/p>\n\n\n\n<p class=\"has-luminous-vivid-amber-color has-ti-fg-background-color has-text-color has-background has-link-color wp-elements-b3c1ca3f186bc13906fbc98f73f3f8c9\"><strong>UGENS TV-GUIDE: <\/strong><br><strong>UGE 46<\/strong><\/p>\n\n\n\n<h2 class=\"wp-block-heading has-text-align-center\"><mark style=\"background-color:#fcb900\" class=\"has-inline-color has-ti-fg-color\">S\u00f8ndag 16\/11 kl. 11.00-13.00<\/mark><\/h2>\n\n\n\n<p><strong>KAM\u00d8NALEN INFO<\/strong><\/p>\n\n\n\n<ul class=\"wp-block-list\">\n<li><strong>Valgdebat p\u00e5 Gymnasium i Vordingborg<\/strong><br>Vi lyttede og snakkede med de unge om, hvilke emner, der fylder mest for dem i hverdagen, da alle partierne m\u00f8dtes til valgdebat p\u00e5 gymnasiet i Vordingborg.&nbsp;<\/li>\n\n\n\n<li><strong>Smed, Seiding Larsen, Adler eller Helles? Her er forskellene, og hvad de lover dig som borgmester<\/strong><br>Der er mindst fire, som gerne vil v\u00e6re borgmester i Vordingborg Kommune, Mikael Smed (S), Michael Seiding Larsen (V), Jesper Adler (C) og Jakob Helles&nbsp;(LA). Vi har bedt dem fort\u00e6lle helt pr\u00e6cist, hvad du f\u00e5r med dem med ved roret og hvor de er mest forskellige fra konkurrenterne p\u00e5 det politiske.<\/li>\n\n\n\n<li><strong>Julen kommer til Vordingborg \u2013 klar eller ej, nisserne er p\u00e5 vej!<\/strong><br>Der er begyndt at v\u00e6re julearrangementer i kalenderen rundt om i kommunen. Inden l\u00e6nge bliver der t\u00e6t lys i juletr\u00e6erne p\u00e5 k\u00f8bst\u00e6dernes torve. Vi har spurgt folk, hvorn\u00e5r de begynder at g\u00f8re klar til julen, og hvad der plejer at f\u00e5 julehum\u00f8ret frem.<\/li>\n<\/ul>\n\n\n\n<p>\ud83c\udf3f&nbsp;<strong>\u00c5rets gang Efter\u00e5r \u2013 Episode 2: Tusm\u00f8rke p\u00e5<\/strong> <strong>Nyord<\/strong><br>Fra sommertid til stjernetid med Kenneth Lau Rentius, Dark Sky Guide fra Nyord.<\/p>\n\n\n\n<h5 class=\"wp-block-heading\">MILJ\u00d8PRISEN VORDINGBORG KOMMUNE<\/h5>\n\n\n\n<p>Denne uge blev Milj\u00f8prisen uddelt i Vordingborg Kommune &#8211; en pris der h\u00e6drer lokale ildsj\u00e6le, foreninger og virksomheder, som g\u00f8r en ekstraordin\u00e6r indsats for milj\u00f8et og b\u00e6redygtigheden i vores omr\u00e5de. I denne udsendelse tager vi jer med til selve prisuddelingen, hvor vi m\u00f8der \u00e5rets vinder, pressefotograf Per Rasmussen. Hvad er hans indsats for det lokale milj\u00f8? Hvordan dokumenterer og formidler han naturens og b\u00e6redygtighedens historier gennem sit arbejde? Og hvad inspirerer ham til at g\u00e5 forrest i kampen for en gr\u00f8nnere fremtid? <\/p>\n\n\n\n<p>En hyldest til det lokale engagement og de mennesker, der hver dag arbejder for et bedre milj\u00f8 &#8211; p\u00e5 M\u00f8n og i Vordingborg Kommune.<\/p>\n\n\n\n<p><strong>Genudsendelser:<\/strong><br>\ud83d\udcc5 Mandag\u2013fredag kl. 12.00\u201316.00<br>\ud83d\udcc5 L\u00f8rdag kl. 11.30\u201313.30<br>\ud83d\udcc5 S\u00f8ndag kl. 10.00\u201311.00<br><br>Programmen publiceres p\u00e5 vores YouTube-kanal torsdagen derp\u00e5 (13\/11)<\/p>\n\n\n\n<p class=\"has-luminous-vivid-amber-color has-ti-fg-background-color has-text-color has-background has-link-color wp-elements-65fbc650296fcf46584bab553e476ba8\"><strong>UGENS TV-GUIDE: <\/strong><br><strong>UGE 45<\/strong><\/p>\n\n\n\n<h2 class=\"wp-block-heading has-text-align-center\"><mark style=\"background-color:#fcb900\" class=\"has-inline-color has-ti-fg-color\">S\u00f8ndag 9\/11 kl. 11.00-13.00<\/mark><\/h2>\n\n\n\n<p><strong>KAM\u00d8NALEN INFO<\/strong><\/p>\n\n\n\n<ul class=\"wp-block-list\">\n<li><strong>\u00c6nder og Mortens aften<\/strong><br>P\u00e5 Tj\u00f8rnemosegaard st\u00e5r der 14 fyldte frysere&#8230;<br><\/li>\n\n\n\n<li><strong>Valgfl\u00e6sk&nbsp;<\/strong><br>Det var en k\u00e6rkommen mulighed at snakke med de lokale byr\u00e5dskandidater til Valgfl\u00e6sk-arrangementet foran SuperBrugsen i Lendemarke forleden.&nbsp;Det er lidt anderledes end en paneldebat, og mange benyttede sig af chancen for at vende de emner, de har p\u00e5 hjerte, en-til-en med kandidaterne.&nbsp;Slagteren fra brugsen serverede stegt fl\u00e6sk og kartoffelmos med M\u00f8n Bryg til, det var med til at skabe den gode stemning og det store fremm\u00f8de.&nbsp;Vi var med og snakkede valgemner og valgfl\u00e6sk med politikere og borgere.&nbsp;<\/li>\n\n\n\n<li><strong>Tonsebold&nbsp;p\u00e5 Bog\u00f8<\/strong><br>Det lyder som om, at der gang i den, n\u00e5r de tonser igennem med discomotion og tonsebold&nbsp;p\u00e5 Bog\u00f8. Vi kigger forbi for at m\u00e6rke suset og se, om det er alle generationer, som deltager.&nbsp;<\/li>\n<\/ul>\n\n\n\n<p><strong>Kam\u00f8nalen <em>SPECIAL<\/em><\/strong> <strong>v\u00e6lgerm\u00f8de<\/strong> i Jungshoved Del 2<\/p>\n\n\n\n<p><strong>Samtaler vi deler<\/strong><br><strong>Episode 3; <strong>Efter\u00e5rets tre helgener &#8211; om mod, gavmildhed og k\u00e6rlighed<\/strong><\/strong> <strong>&#8211;  <\/strong>En samtale med Tomas Johansen<br>Tomas Johansen udforsker de antroposofiske perspektiver p\u00e5 tre betydningsfulde helgener i efter\u00e5ret: Sankt Michael (29. sept.), Sankt Martin (11. nov.) og Sankt Nikolaus (6. dec.). Hver helgen belyser vigtige udviklingsskridt i \u00e5rshjulet &#8211; fra modet til at m\u00f8de m\u00f8rket, over gavmildhed og medmenneskelighed, til k\u00e6rlighedsfuld omsorg for b\u00f8rnene.<\/p>\n\n\n\n<p><strong>Genudsendelser:<\/strong><br>\ud83d\udcc5 Mandag\u2013fredag kl. 12.00\u201316.00<br>\ud83d\udcc5 L\u00f8rdag kl. 11.30\u201313.30<br>\ud83d\udcc5 S\u00f8ndag kl. 10.00\u201311.00<br><br>Programmen publiceres p\u00e5 vores YouTube-kanal torsdagen derp\u00e5 (13\/11)<\/p>\n\n\n\n<p class=\"has-luminous-vivid-amber-color has-ti-fg-background-color has-text-color has-background has-link-color wp-elements-311bbbddf4e8949e6d5343e63f9beb06\"><strong>UGENS TV-GUIDE: <\/strong><br><strong>UGE 44<\/strong><\/p>\n\n\n\n<h2 class=\"wp-block-heading has-text-align-center\"><mark style=\"background-color:#fcb900\" class=\"has-inline-color has-ti-fg-color\">S\u00f8ndag 2\/11 kl. 11.00-13.00<\/mark><\/h2>\n\n\n\n<p><strong>KAM\u00d8NALEN INFO<\/strong><\/p>\n\n\n\n<ul class=\"wp-block-list\">\n<li><strong>Hvad ville du g\u00f8re?<\/strong><br>Vi har v\u00e6ret p\u00e5 gaden og sp\u00f8rge folk, hvad der er det f\u00f8rste, de ville g\u00f8re, hvis de selv&nbsp;blev borgmester i Vordingborg Kommune efter valget.<\/li>\n<\/ul>\n\n\n\n<p><strong>Kam\u00f8nalen m\u00f8der &#8211; Mennesker med noget p\u00e5 hjerte med Karina Andersen <\/strong><br>Hvad er det der driver dem? Karina Andersen og familien g\u00f8r et stort nummer ud af at omdanne privaten til et Halloween-sted.&nbsp;Vi har bes\u00f8gt dem for at forst\u00e5, hvad der foreg\u00e5r og hvorfor de dyrker traditonen&nbsp;i s\u00e5dan en grad.&nbsp;<br><strong><a href=\"https:\/\/www.facebook.com\/groups\/6121944210\/posts\/10162415967824211\/\" target=\"_blank\" rel=\"noreferrer noopener\">https:\/\/www.facebook.com\/groups\/6121944210\/posts\/10162415967824211\/<\/a>&nbsp;Vilde haver:<\/strong> Den lokale kunstn\u00e6r Mette Baumb\u00e6k skaber kranser af s\u00e6sonens frugter fra haven<\/p>\n\n\n\n<p><strong>Kam\u00f8nalen <em>SPECIAL<\/em><\/strong> <strong>v\u00e6lgerm\u00f8de<\/strong> i Jungshoved Del 1<\/p>\n\n\n\n<p><strong>Genudsendelser:<\/strong><br>\ud83d\udcc5 Mandag\u2013fredag kl. 12.00\u201316.00<br>\ud83d\udcc5 L\u00f8rdag kl. 11.30\u201313.30<br>\ud83d\udcc5 S\u00f8ndag kl. 10.00\u201311.00<br><br>Programmen publiceres p\u00e5 vores YouTube-kanal torsdagen derp\u00e5 (6\/11)<\/p>\n\n\n\n<p class=\"has-luminous-vivid-amber-color has-ti-fg-background-color has-text-color has-background has-link-color wp-elements-c40cfbdc2995540ac320875b34cd8422\"><strong>UGENS TV-GUIDE: <\/strong><br><strong>UGE 43<\/strong><\/p>\n\n\n\n<h2 class=\"wp-block-heading has-text-align-center\"><mark style=\"background-color:#fcb900\" class=\"has-inline-color has-ti-fg-color\">S\u00f8ndag 26\/10 kl. 11.00-13.00<\/mark><\/h2>\n\n\n\n<p><strong>KAM\u00d8NALEN INFO<\/strong><\/p>\n\n\n\n<ul class=\"wp-block-list\">\n<li><strong>Adopter et stykke natur<\/strong> &#8211; I biosf\u00e6reprojektet <em>Sporl\u00f8s F\u00e6rd<\/em> handler det ikke bare om at samle affald \u2013 det handler om at tage ansvar. For nylig inviterede projektgruppen lokale borgere til en f\u00e6lles affaldsindsamling langs M\u00f8ns hovedveje og i Stege by. Men det var mere end en oprydning: deltagerne blev opfordret til at <em>adoptere<\/em> et stykke natur \u2013 en vejstr\u00e6kning eller strand \u2013 og g\u00f8re det til deres egen lille mission at holde omr\u00e5det rent. Ambitionen er enkel og st\u00e6rk: Hvis vi alle v\u00e6lger et omr\u00e5de og et par gange om \u00e5ret samler det affald, der er tabt, smidt eller bl\u00e6st hen, kan vi sammen g\u00f8re en stor forskel. Vi har talt med projektets forperson HC Gravesen og flere engagerede deltagere.<\/li>\n\n\n\n<li><strong>Halloween p\u00e5 Goecenter M\u00f8ns Klint<\/strong> &#8211; Som noget nyt har Geocenter M\u00f8ns Klint i efter\u00e5rsferien kastet sig ud i at tilbyde g\u00e6sterne Halloween-oplevelser.<br>Vi har spurgt eventyrfort\u00e6ller og naturguide, Fanny Drasbeck Kj\u00e6rgaard, hvordan det gik, om der kom nok forbi og spurgt de tre s\u00f8skende, Elva, Iris og Merle Bloch Aulund, om det var hyggeligt at opleve uhyggen.<\/li>\n\n\n\n<li><strong>Kommunalvalget 2025 &#8211; hvad er vigtigst for dig?<\/strong><br>Til v\u00e6lgerm\u00f8det p\u00e5 Jungshoved Skole spurgte vi deltagerne, hvad der er den vigtigste sag for dem til kommunalvalget og hvorfor.&nbsp;<br><a href=\"https:\/\/jungshoved.net\/kom-til-vaelgermoede-om-trafik-aeldrepleje-og-borgerbudgetter\/?\">https:\/\/jungshoved.net\/kom-til-vaelgermoede-om-trafik-aeldrepleje-og-borgerbudgetter\/?<\/a><\/li>\n\n\n\n<li><strong>Hvordan fejrer du Allehelgen &amp; Halloween<\/strong>?<\/li>\n<\/ul>\n\n\n\n<p><strong>Kloge M\u00e6nd og Koner p\u00e5 M\u00f8n<\/strong>&nbsp;\u2013&nbsp;<strong>DEL 2<\/strong><br>William Houman- lokalhistoriker, kemiker og passioneret kender af l\u00e6geplanter \u2013 f\u00f8re os ind i l\u00e6geplanternes verden. Optakt til udstilling &#8220;kloge m\u00e6nd og koner p\u00e5 M\u00f8n&#8221; p\u00e5 Lokalhistorisk arkiv. <a href=\"https:\/\/lokalhistorie-moen.dk\/\">https:\/\/lokalhistorie-moen.dk\/<\/a><\/p>\n\n\n\n<p><strong>Allehelgens aften i Stege<\/strong><br>P\u00e5 M\u00f8n, hvor naturen stadig holder fast i de gamle rytmer, n\u00e6rmer november sig. En tid hvor sl\u00f8ret mellem verdener f\u00f8les tyndere. Hvor vi standser op og vender blikket mod dem, der gik f\u00f8r os. I aften begynder vores samtale om allehelgenstraditionen uventet sted &#8211; hos Nils Vandrefalk. Vi bev\u00e6ger os til Stege Kirkeg\u00e5rd &#8211; hvor kirkeg\u00e5rdsleder Jan Jensen og sognepr\u00e6st Elizabeth Knox-Seith \u00e5r efter \u00e5r ser, hvordan lokalsamfundet samles om de d\u00f8de. Her, mellem de gamle gravsten, lever traditionerne videre. Og vi m\u00f8der indbyggerne i Stege, der fort\u00e6ller om deres helt personlige forhold til allehelgen &#8211; h\u00f8jtiden der forener os alle, n\u00e5r lyset t\u00e6ndes i m\u00f8rket.<\/p>\n\n\n\n<p><strong>Genudsendelser:<\/strong><br>\ud83d\udcc5 Mandag\u2013fredag kl. 12.00\u201316.00<br>\ud83d\udcc5 L\u00f8rdag kl. 11.30\u201313.30<br>\ud83d\udcc5 S\u00f8ndag kl. 10.00\u201311.00<\/p>\n\n\n\n<p>Programmen publiceres p\u00e5 vores YouTube-kanal torsdagen derp\u00e5 (30\/10)<\/p>\n\n\n\n<p class=\"has-luminous-vivid-amber-color has-ti-fg-background-color has-text-color has-background has-link-color wp-elements-946656601a185cd513d5c9da6b25d64b\"><strong>UGENS TV-GUIDE: <\/strong><br><strong>UGE 42<\/strong><\/p>\n\n\n\n<h2 class=\"wp-block-heading has-text-align-center\"><mark style=\"background-color:#fcb900\" class=\"has-inline-color has-ti-fg-color\">S\u00f8ndag 19\/10 kl. 11.00-13.00<\/mark><\/h2>\n\n\n\n<p><strong>Kam\u00f8nalen <em>SPECIAL<\/em><\/strong> <strong>\u00c6blernes Dag<\/strong><\/p>\n\n\n\n<p>Steges lokale bager Tommy Digemose og chefkonditor Lars Juul fra La Glace, kom p\u00e5 en stor opgave, da de skulle v\u00e6lge vindere blandt over 20 flotte kager med \u00e6bler bagt af sm\u00e5 og store b\u00f8rn. Bagedysten var en del af \u00c6blernes Dag i Stege.&nbsp;<\/p>\n\n\n\n<p><strong>KAM\u00d8NALEN INFO<\/strong><\/p>\n\n\n\n<ul class=\"wp-block-list\">\n<li>Det er ikke g\u00e5et helt af mode at lave badges. Viggo var en af de b\u00f8rn, der pr\u00f8vede kr\u00e6fter med at lave sine egne badges i Makerspace p\u00e5 Vordingborg Bibliotek i efter\u00e5rsferien.<\/li>\n\n\n\n<li>Gr\u00e6skar &#8211; bruge det hele til mad &#8211; p\u00e5 Avn\u00f8 Naturcenter i b\u00e5lhytten<\/li>\n\n\n\n<li>Fiskeri i voldgraven, der blev fisket ved volden i Vordingborg i denne uge.<\/li>\n<\/ul>\n\n\n\n<p><strong>Samtaler vi deler<\/strong><br><strong>Episode 2; Den Sidste Formand &#8211; En Samtale med Peter Scavenius<\/strong><\/p>\n\n\n\n<p>Efter 21 \u00e5r som formand for GeoCenter M\u00f8ns Klint siger Peter Scavenius farvel. I denne  samtale ser den 78-\u00e5rige kammerherre tilbage p\u00e5 at rejse 100 millioner kroner, \u00e5bne Danmarks mest spektakul\u00e6re naturcenter sammen med Dronning Margrethe, og overlevere b\u00e5de gods og formandsskab til n\u00e6ste generation<strong>.<\/strong><br><br><strong>Genudsendelser:<\/strong><br>\ud83d\udcc5 Mandag\u2013fredag kl. 12.00\u201316.00<br>\ud83d\udcc5 L\u00f8rdag kl. 11.30\u201313.30<br>\ud83d\udcc5 S\u00f8ndag kl. 10.00\u201311.00<\/p>\n\n\n\n<p class=\"has-luminous-vivid-amber-color has-ti-fg-background-color has-text-color has-background has-link-color wp-elements-9e70d407e1a4f378f3c213bb3821fcd0\"><strong>UGENS TV-GUIDE: <\/strong><br><strong>UGE <\/strong>41<\/p>\n\n\n\n<h2 class=\"wp-block-heading has-text-align-center\"><mark style=\"background-color:#fcb900\" class=\"has-inline-color has-ti-fg-color\">S\u00f8ndag 12\/10 kl. 11.00-13.00<\/mark><\/h2>\n\n\n\n<p><strong>Kam\u00f8nalen INFO<\/strong><\/p>\n\n\n\n<ul class=\"wp-block-list\">\n<li>L\u00c6SEHUNDEN PERRY<br>L\u00e6sehunden Perry skaber ro og god stemning omkring det at l\u00e6se h\u00f8jt fra b\u00f8rneb\u00f8gerne. Det fik b\u00f8rnene gl\u00e6de af p\u00e5 Vordingborg Bibliotek forleden, da Perry kom forbi sammen med sin ejer Rikke Tambur Carlsen.<\/li>\n\n\n\n<li>T\u00d8JBYTTEDAG<br>Du kan bruge folkebiblioteket til mange forskellige ting. Forleden var der t\u00f8jbyttedag for f\u00f8rste gang p\u00e5 M\u00f8n Bibliotek. Trods strid, bl\u00e6st og regn ude, s\u00e5 det ud til at v\u00e6re en god start p\u00e5 noget, der kan blive en ny tradition.<\/li>\n\n\n\n<li>SOL OVER STENSBY En lokal musikfestival i Stensby stablet p\u00e5 benene af Jonas Bjerring, vi h\u00f8rer lidt uddrag af musikken.<\/li>\n<\/ul>\n\n\n\n<p><strong>Kloge M\u00e6nd og Koner p\u00e5 M\u00f8n<\/strong> &#8211; <strong>DEL 1<\/strong><br>William Houman- lokalhistoriker, kemiker og passioneret kender af l\u00e6geplanter \u2013 f\u00f8re os ind i l\u00e6geplanternes verden. Optakt til udstilling p\u00e5 Lokalhistorisk arkiv.<\/p>\n\n\n\n<p><strong>En Dag p\u00e5 44<\/strong><br>Godt selskab med Aksel Haaning, musik og vulkaner<br><br><strong>Genudsendelser:<\/strong><br>\ud83d\udcc5 Mandag\u2013fredag kl. 12.00\u201316.00<br>\ud83d\udcc5 L\u00f8rdag kl. 11.30\u201313.30<br>\ud83d\udcc5 S\u00f8ndag kl. 10.00\u201311.00<\/p>\n\n\n\n<p class=\"has-luminous-vivid-amber-color has-ti-fg-background-color has-text-color has-background has-link-color wp-elements-e19a23cca03b2b702a0b9617bba8b659\"><strong>UGENS TV-GUIDE: <\/strong><br><strong>UGE <\/strong>40<\/p>\n\n\n\n<h2 class=\"wp-block-heading has-text-align-center\"><mark style=\"background-color:#fcb900\" class=\"has-inline-color has-ti-fg-color\">S\u00f8ndag 5\/10 kl. 11.00-13.00<\/mark><\/h2>\n\n\n\n<p><strong>Kam\u00f8nalen INFO<\/strong><\/p>\n\n\n\n<ul class=\"wp-block-list\">\n<li>Jungshoved Power Pull 2025<\/li>\n\n\n\n<li>Askholm Jersey &#8211; \u00c5bent Landbrug<\/li>\n<\/ul>\n\n\n\n<p><strong>Folkem\u00f8de M\u00f8n 2025<\/strong> <strong>Talk: Optakt til Kommunalvalget<\/strong><\/p>\n\n\n\n<p>Stemmeprocenten ved kommunalvalgene er faldende. Det er sv\u00e6rt at tr\u00e6kke kandidater til kommunalbestyrelserne, og tilliden til politikerne er for mange borgere ikke s\u00e6rlig stor. Vi tager som optakt til kommunalvalget temperaturen p\u00e5 lokaldemokratiet anno 2025. Hvad fungerer, hvad fungerer ikke \u2013 og hvordan bliver vi bedre?<br><br><strong>Samtaler vi deler<\/strong><br><strong>Episode 1: &#8220;Fra kampgal til pragmatiker&#8221;<\/strong><\/p>\n\n\n\n<p>En samtalestafet der i anledning af kommunalvalget g\u00e5r gennem kommunalbestyrelsen hvor politikere deler de steder og valg der former deres politik. Hver politiker v\u00e6lger den n\u00e6ste. Torben Folke M\u00e5nsson (Moderaterne) tog en politisk rejse: Fra Venstre til medstifter af F\u00e6lleslisten til Moderaterne. Fra opposition til det brede flertal.<br><br><strong>Genudsendelser:<\/strong><br>\ud83d\udcc5 Mandag\u2013fredag kl. 12.00\u201316.00<br>\ud83d\udcc5 L\u00f8rdag kl. 11.30\u201313.30<br>\ud83d\udcc5 S\u00f8ndag kl. 10.00\u201311.00<\/p>\n\n\n\n<p class=\"has-luminous-vivid-amber-color has-ti-fg-background-color has-text-color has-background has-link-color wp-elements-d0ddfd402e05c0c4430edb14994937b3\"><strong>UGENS TV-GUIDE: <\/strong><br><strong>UGE 3<\/strong>9<\/p>\n\n\n\n<h2 class=\"wp-block-heading has-text-align-center\"><mark style=\"background-color:#fcb900\" class=\"has-inline-color has-ti-fg-color\">S\u00f8ndag 28\/9 kl. 11.00-13.00<\/mark><\/h2>\n\n\n\n<p><strong>Kam\u00f8nalen INFO<\/strong><\/p>\n\n\n\n<ul class=\"wp-block-list\">\n<li>M\u00f8n Repair Caf\u00e9 har v\u00e6ret igang i et \u00e5rs tid, vi m\u00f8der Morten Flyverbom, igangs\u00e6tter, og snakker med kunderne og de andre ildsj\u00e6le.<\/li>\n<\/ul>\n\n\n\n<p><strong>Frivillig Fredag 2025<\/strong><br>Frivillig Fredag er hele Danmarks festdag for frivillighed, og dagen fejres hvert \u00e5r p\u00e5 den sidste fredag i september. Vi er med i M\u00f8nhallen og hvor vinderne af \u00e5rets priser k\u00e5res og hyldes. M\u00f8ns Gospelkor synger og Konferencier er Phillippa Maigaard.<br><br><strong>At flytte tilbage til provinsen<\/strong><br>En debat med 3 unge, som alle er opvokset i provinsen, taget til byen for at uddanne sig og vendt tilbage og en som planl\u00e6gger samme rejse. En debat om udl\u00e6ngsel og hjeml\u00e6ngsel.<br><strong>Deltagere:<\/strong> Henriette Klingberg-Nielsen, Katrine Burmann, Lukas Junkel og Valdemar Alban. Moderator: Mads Young Christensen, direkt\u00f8r, Vordingborg Kommune<br><br><strong>Genudsendelser:<\/strong><br>\ud83d\udcc5 Mandag\u2013fredag kl. 12.00\u201316.00<br>\ud83d\udcc5 L\u00f8rdag kl. 11.30\u201313.30<br>\ud83d\udcc5 S\u00f8ndag kl. 10.00\u201311.00<\/p>\n\n\n\n<p class=\"has-luminous-vivid-amber-color has-ti-fg-background-color has-text-color has-background has-link-color wp-elements-c2bbdaedf97dfd7253298520c32b5d42\"><strong>UGENS TV-GUIDE: <\/strong><br><strong>UGE 3<\/strong>8<\/p>\n\n\n\n<h2 class=\"wp-block-heading has-text-align-center\"><mark style=\"background-color:#fcb900\" class=\"has-inline-color has-ti-fg-color\">S\u00f8ndag 21\/9 kl. 11.00-13.00<\/mark><\/h2>\n\n\n\n<p><strong>Kam\u00f8nalen INFO<\/strong><\/p>\n\n\n\n<ul class=\"wp-block-list\">\n<li>Dragefestival, Fanny, den lokale drageguide inviterer med p\u00e5 festival.<\/li>\n\n\n\n<li>Trutta Conventus 2025 \u2013 Flyfishing Festival M\u00f8n, kom med og fang en \u00f8rred.<\/li>\n\n\n\n<li>Filmh\u00f8jskolen M\u00f8n inviterer til fernisering i F\u00e6ngselsg\u00e5rden. \u201cStemmer p\u00e5 M\u00f8n\u201d \u2013 en kunstnerisk fortolkning af livet, menneskene og historierne fra M\u00f8n, formidlet gennem forskellige kunstneriske udtryk. Interview med forstander Lars og eleven Adam.<\/li>\n<\/ul>\n\n\n\n<p><strong>Verdens tilstand set fra M\u00f8n<\/strong><br>Kaminpassiar med Preben Wilhjelm, tidl. folketingsmedlem (VS), bosat i Stege. Hvordan er hans udsyn p\u00e5 den verden vi bev\u00e6ger os i. <\/p>\n\n\n\n<p>Samtale med Christian Koch, formand for Folkem\u00f8de M\u00f8n.<br><br><strong>Det, de kalder udkant, kalder vi hjem<\/strong><br>Lars Olsen taler om de udfordringer vi har med at bo udenfor de store byer, s\u00e6rligt med henblik p\u00e5 vores kommune.<br>Erik Harr, lokal Ambassad\u00f8r for Folkem\u00f8de M\u00f8n er moderator.<br><br><strong>F\u00e6ngselsg\u00e5rden synger EUs sange<\/strong><br>Peter S\u00f8vad og Jan Borre og andre sangglade i f\u00e6ngselsg\u00e5rden, dimser op med friske overs\u00e6ttelser af blandt andre danske klassikere man kan finde i den nye EU sangbog.<br><br><strong>Genudsendelser:<\/strong><br>\ud83d\udcc5 Mandag\u2013fredag kl. 12.00\u201316.00<br>\ud83d\udcc5 L\u00f8rdag kl. 11.30\u201313.30<br>\ud83d\udcc5 S\u00f8ndag kl. 10.00\u201311.00<\/p>\n\n\n\n<p class=\"has-luminous-vivid-amber-color has-ti-fg-background-color has-text-color has-background has-link-color wp-elements-48aec89257229789836ee25a3d2fcf7b\"><strong>UGENS TV-GUIDE: <\/strong><br><strong>UGE 3<\/strong>7<\/p>\n\n\n\n<h2 class=\"wp-block-heading has-text-align-center\"><mark style=\"background-color:#fcb900\" class=\"has-inline-color has-ti-fg-color\">S\u00f8ndag 14\/9 kl. 11.00-13.00<\/mark><\/h2>\n\n\n\n<p><strong>Kam\u00f8nalen INFO<\/strong><\/p>\n\n\n\n<ul class=\"wp-block-list\">\n<li><strong>Sildemarkedet i Stege<\/strong><br>Jens fra Stege Rotary Club fort\u00e6ller, hvordan du laver de traditionsrige sorte sild.<br>Jan Hansen, bliver sat til at smage sort sild for f\u00f8rste gang.&nbsp;<br>Anne fra Middelaldermarkedet, der tilbyder&nbsp;en lang r\u00e6kke ridderlige og hyggelige aktiviteter for b\u00f8rn og unge, fort\u00e6ller om det hele<\/li>\n\n\n\n<li><strong>M\u00f8n Surf<\/strong> <br>Kesia, en af ejeren af M\u00f8n Surf fort\u00e6ller om, hvordan s\u00e6sonen er g\u00e5et for deres atmosf\u00e6refyldte caf\u00e9 og butik p\u00e5 Klintholm Havn.&nbsp;Hvem tiltr\u00e6kker caf\u00e9en? har de \u00e6ndret p\u00e5 noget? og er det g\u00e5et bedre end sidste \u00e5r?<\/li>\n<\/ul>\n\n\n\n<p><strong>Boghandel bygget p\u00e5 f\u00e6lleskab<\/strong><br>I Pr\u00e6st\u00f8 \u00e5bner til oktober en ny boghandel bygget p\u00e5 at mange hundrede har k\u00f8bt andele p\u00e5 1.000 kroner. Det er lykkedes at komme i m\u00e5l p\u00e5 cirka et halvt \u00e5r med det interessante butiks-projektet.&nbsp;Har de fat i en ny m\u00e5de at sikre special-butikker i f\u00e6llesskab lokalt?<br>Interview med&nbsp;Dorthe Krogsgaard, formand for andels-boghandlen, Kerstil \u00d8hlenschl\u00e6ger, leder af Pr\u00e6st\u00f8&nbsp;Boghandel&nbsp;og Caroline Axen, leder af Destination Pr\u00e6st\u00f8 Fjord og k\u00f8bstads udvikler.<br><\/p>\n\n\n\n<p><strong>KAM\u00d8NALEN DEBATERER<\/strong><br><strong>Muligheder for mere turisme og at tr\u00e6kke med samme hammel<\/strong><br>&#8211; om muligheder for l\u00e6ngere s\u00e6son og mere samarbejde mellem alle de akt\u00f8rer, der lever af, at vi har s\u00e5 mange g\u00e6ster fra mange lande p\u00e5 bes\u00f8g hen over sommerm\u00e5nederne.&nbsp;<br><strong>Interview med<\/strong><br>Julie Meyer Memborg, indehaver af Egn&nbsp;Boutique Hotel og gourmet-restaurant og formand for M\u00f8n- og Sydsj\u00e6llands Turismeforening.&nbsp;<br>Lissa Thelssborg,&nbsp;ejer af Gastr\u00d6 p\u00e5 Nyord &#8211; der driver hel\u00e5rs-restaurant, samt v\u00e6relsesudlejning.&nbsp;<br>Caroline Axen, leder af Destination Pr\u00e6st\u00f8 Fjord og k\u00f8bstads udvikler.<br><br><strong>Genudsendelser:<\/strong><br>\ud83d\udcc5 Mandag\u2013fredag kl. 12.00\u201316.00<br>\ud83d\udcc5 L\u00f8rdag kl. 11.30\u201313.30<br>\ud83d\udcc5 S\u00f8ndag kl. 10.00\u201311.00<\/p>\n\n\n\n<p class=\"has-luminous-vivid-amber-color has-ti-fg-background-color has-text-color has-background has-link-color wp-elements-c5a4964d7265222ed33dcf250e1f5350\"><strong>UGENS TV-GUIDE: <\/strong><br><strong>UGE 36<\/strong><\/p>\n\n\n\n<h2 class=\"wp-block-heading has-text-align-center\"><mark style=\"background-color:#fcb900\" class=\"has-inline-color has-ti-fg-color\">S\u00f8ndag 7\/9 kl. 11.00-13.00<\/mark><\/h2>\n\n\n\n<p><strong>Kam\u00f8nalen INFO<\/strong><\/p>\n\n\n\n<ul class=\"wp-block-list\">\n<li>Vi m\u00f8der deltagerne i M\u00f8n Rundt 2025 i de nye rammer p\u00e5 Klintholm Gods<\/li>\n<\/ul>\n\n\n\n<p><strong>KAM\u00d8NALEN Kunst &amp; kultur<\/strong><br>Waves Festival i Vordingborg: De R\u00f8de L\u00f8bere med Egnsteatret og Kompagni 47<br>Vi f\u00e5r en snak med scenograf Kristian Knudsen<br><br><strong>KAM\u00d8NALEN SPECIAL &#8211; FOLKEM\u00d8DE M\u00d8N 2025<\/strong><br>Borgmesterbattle: Det bedste og det v\u00e6rste ved at v\u00e6re borgmester.<\/p>\n\n\n\n<p>Debat om borgmesterens rolle i lokaldemokratiet mellem de socialdemokratiske borgmestre fra hver sit hj\u00f8rne af Sj\u00e6lland og \u00f8erne.<br><strong>Deltagere:<\/strong>&nbsp;Tomas Breddam; Roskilde, Kirsten Jensen; Hiller\u00f8d og Holger Schou Rasmussen; Lolland. Moderator: Kristina Koch Sloth, Kommunaldirekt\u00f8r, Vordingborg Kommune.<br><br><strong>Genudsendelser:<\/strong><br>\ud83d\udcc5 Mandag\u2013fredag kl. 12.00\u201316.00<br>\ud83d\udcc5 L\u00f8rdag kl. 11.30\u201313.30<br>\ud83d\udcc5 S\u00f8ndag kl. 10.00\u201311.00<\/p>\n\n\n\n<p class=\"has-luminous-vivid-amber-color has-ti-fg-background-color has-text-color has-background has-link-color wp-elements-19c52f76eee759d832de9876fbaf2200\"><strong>UGENS TV-GUIDE: <\/strong><br><strong>UGE 35<\/strong><\/p>\n\n\n\n<h2 class=\"wp-block-heading has-text-align-center\"><mark style=\"background-color:#fcb900\" class=\"has-inline-color has-ti-fg-color\">S\u00f8ndag 31\/8 kl. 11.00-13.00<\/mark><\/h2>\n\n\n\n<p><strong>Kam\u00f8nalen INFO<\/strong><\/p>\n\n\n\n<ul class=\"wp-block-list\">\n<li>Til hest p\u00e5 \u00d8stM\u00f8n &#8211; M\u00f8n Isl\u00e6ndercenter<\/li>\n\n\n\n<li>Stafett for livet<\/li>\n<\/ul>\n\n\n\n<p><strong>Kam\u00f8nalen SPECIAL<\/strong> <strong>&#8211; Folkem\u00f8de M\u00f8n 2025<\/strong><\/p>\n\n\n\n<ul class=\"wp-block-list\">\n<li>Fra indsat til v\u00e6rsat: Ole Knudsen taler med Emil fra Cafe Exit <\/li>\n\n\n\n<li>Thomas Jakobsen &#8211; Hvordan favner vi bedst de unge i vores lokalsamfund<\/li>\n\n\n\n<li>Per Sj\u00f8rup Christiansen, dir. M\u00f8ns Bank modererer en samtale om jobmuligheder i lokalomr\u00e5det<\/li>\n<\/ul>\n\n\n\n<p><strong>Genudsendelser:<\/strong><br>\ud83d\udcc5 Mandag\u2013fredag kl. 12.00\u201316.00<br>\ud83d\udcc5 L\u00f8rdag kl. 11.30\u201313.30<br>\ud83d\udcc5 S\u00f8ndag kl. 10.00\u201311.00<\/p>\n\n\n\n<p class=\"has-luminous-vivid-amber-color has-ti-fg-background-color has-text-color has-background has-link-color wp-elements-2d88be51d16dc77dfceb36c2ee316e39\"><strong>UGENS TV-GUIDE: <\/strong><br><strong>UGE 34<\/strong><\/p>\n\n\n\n<h2 class=\"wp-block-heading has-text-align-center\"><mark style=\"background-color:#fcb900\" class=\"has-inline-color has-ti-fg-color\">S\u00f8ndag 24\/8 kl. 11.00-13.00<\/mark><\/h2>\n\n\n\n<p><strong><strong>Kam\u00f8nalen SPECIAL<\/strong> <strong>&#8211; Folkem\u00f8de M\u00f8n<\/strong><\/strong> <strong>2025<\/strong><\/p>\n\n\n\n<ul class=\"wp-block-list\">\n<li>Journalist Kurt Strand &#8211; Den gode tone<\/li>\n\n\n\n<li>Erik Haar &#8211; Tidligere leder for Folkem\u00f8det M\u00f8n<\/li>\n\n\n\n<li>Journalist Georg Julin &#8211; Moderne journalistik<\/li>\n\n\n\n<li>Kenneth Andersen &#8211; Om nutidens unge<\/li>\n\n\n\n<li>Ensamhed &#8211; er det bare mig? Moderator Cecilie Headspace R\u00f8dby<\/li>\n\n\n\n<li>Snak med Frivillige p\u00e5 Folkem\u00f8de M\u00f8n &#8211; Winnie &amp; Peter<\/li>\n\n\n\n<li>Spontant initiativ fra Bog &amp; Id\u00e9 &#8211; Hanna Dalsgard<\/li>\n\n\n\n<li>Vordingbronx &#8211; Forfatter Emil Falster i samtale med Christion Schou, Folkem\u00f8de M\u00f8n om uligheden imellem land og by<\/li>\n<\/ul>\n\n\n\n<p><strong>Genudsendelser:<\/strong><br>\ud83d\udcc5 Mandag\u2013fredag kl. 12.00\u201316.00<br>\ud83d\udcc5 L\u00f8rdag kl. 11.30\u201313.30<br>\ud83d\udcc5 S\u00f8ndag kl. 10.00\u201311.00<\/p>\n\n\n\n<p class=\"has-luminous-vivid-amber-color has-ti-fg-background-color has-text-color has-background has-link-color wp-elements-6a9f3cefdae0185fa125eda0a85bfb27\"><strong>UGENS TV-GUIDE: <\/strong><br><strong>UGE 33<\/strong><\/p>\n\n\n\n<h2 class=\"wp-block-heading has-text-align-center\"><mark style=\"background-color:#fcb900\" class=\"has-inline-color has-ti-fg-color\">S\u00f8ndag 17\/8 kl. 11.00-13.00<\/mark><\/h2>\n\n\n\n<p><strong>Kam\u00f8nalen INFO<\/strong><\/p>\n\n\n\n<ul class=\"wp-block-list\">\n<li>Nyt fra Kubels p\u00f8lsevogn i Kalvehave <\/li>\n\n\n\n<li>H\u00e5rb\u00f8llehuset og <\/li>\n\n\n\n<li>Hovedgaden i Pr\u00e6st\u00f8<\/li>\n<\/ul>\n\n\n\n<p>\ud83c\udf3f&nbsp;<strong>\u00c5rets gang \u2013 Episode 1: Jydelejet<\/strong> <\/p>\n\n\n\n<p>I f\u00f8rste episode af&nbsp;<em>\u00c5rets gang<\/em>&nbsp;bes\u00f8ger vi det storsl\u00e5ede landskab ved&nbsp;<strong>Jydelejet<\/strong>, nord for Klinteskoven. Naturvejleder&nbsp;<strong>Susanne Rosenild<\/strong>&nbsp;guider os gennem omr\u00e5dets s\u00e6rlige natur og i serien fort\u00e6ller Susanne om \u00e5rstidernes skiften, dyreliv og landskabets karakter. Programmet inviterer seerne med ud i naturen og giver inspiration til lokale oplevelser og vandreture p\u00e5 M\u00f8n.<\/p>\n\n\n\n<p><strong>Portr\u00e6t: Inger Odgaard<\/strong><br>I denne uges portr\u00e6t m\u00f8der vi billedkunstner&nbsp;<strong>Inger Odgaard<\/strong>, f\u00f8dt i Thy i 1967, i sit sit atelier p\u00e5 \u00d8stm\u00f8n. Med r\u00f8dder i h\u00e5ndarbejdstraditionen og en tidlig passion for strik har hun udviklet et selvst\u00e6ndigt kunstnerisk udtryk, hvor tekstile teknikker transformeres til skulpturelle v\u00e6rker.&nbsp;<\/p>\n\n\n\n<p><strong>Genudsendelser:<\/strong><br>\ud83d\udcc5 Mandag\u2013fredag kl. 12.00\u201316.00<br>\ud83d\udcc5 L\u00f8rdag kl. 11.30\u201313.30<br>\ud83d\udcc5 S\u00f8ndag kl. 10.00\u201311.00<\/p>\n\n\n\n<p class=\"has-luminous-vivid-amber-color has-ti-fg-background-color has-text-color has-background has-link-color wp-elements-2eccfa79fca1717510c5573e262962ce\"><strong>UGENS TV-GUIDE: <\/strong><br><strong>UGE 32<\/strong><\/p>\n\n\n\n<h2 class=\"wp-block-heading has-text-align-center\"><mark style=\"background-color:#fcb900\" class=\"has-inline-color has-ti-fg-color\">S\u00f8ndag 10\/8 kl. 11.00-13.00<\/mark><\/h2>\n\n\n\n<p><strong>Kam\u00f8nalen INFO<\/strong><\/p>\n\n\n\n<ul class=\"wp-block-list\">\n<li class=\"has-normal-font-size\">Insekter og nysgerrighed var i centrum, da naturvejleder Jakob Willum Petersen samlede b\u00f8rn og voksne til l\u00e6rerig insektjagt i Jungshoved Folkepark.<\/li>\n\n\n\n<li class=\"has-normal-font-size\">Damsholte Friluftsscene rydder ud i forbindelse med flytning fra Gr\u00f8nsundvej og afholdt i weekenden loppemarked med fokus p\u00e5 t\u00f8j og rekvisitter.<\/li>\n\n\n\n<li class=\"has-normal-font-size\">Ved rundk\u00f8rslen i Kalvehave delte Kubel indblik i p\u00f8lses\u00e6sonen, mens han serverede ristede med det hele fra sin velkendte vogn.<\/li>\n\n\n\n<li class=\"has-normal-font-size\">Liselund Ny Slot dannede i weekenden ramme om det f\u00f8rste veteranbiltr\u00e6f arrangeret af Sydhavs\u00f8erne Veteranklub og M\u00f8n Motorklub af 1922, som h\u00e5ber at g\u00f8re det til en \u00e5rlig tradition.<\/li>\n<\/ul>\n\n\n\n<p><strong>Portr\u00e6t: Aksel Haaning<\/strong><br>Forfatter til&nbsp;<em>Naturens lys<\/em>&nbsp;og ph.d. i id\u00e9historie \u2013 med fokus p\u00e5 naturfilosofi, glemte verdensbilleder og menneskets plads i kosmos.<\/p>\n\n\n\n<p><strong>Teater M\u00f8n Tapas<\/strong><br>I&nbsp;<em>Teater M\u00f8n Tapas<\/em>&nbsp;kommer vi med bag kulisserne hos Teater M\u00f8n, hvor kunstnere optr\u00e6der i hver deres rum p\u00e5 Sukkerfabrikken.<br>I dette afsnit m\u00f8der du&nbsp;<strong>Erik Jensby<\/strong>&nbsp;\u2013 artist, historiefort\u00e6ller og tryllekunstner med over 40 \u00e5rs erfaring.<br>Han tryller med historier, teknik og humor \u2013 og undervejs m\u00f8der vi ogs\u00e5&nbsp;<strong>n\u00f8gensnegl<\/strong>, den mystiske&nbsp;<strong>fyrstinde Latia Principassa<\/strong>, og selvf\u00f8lgelig skaberne bag Teater Tapas:&nbsp;<strong>Peter og Tilde<\/strong>.<\/p>\n\n\n\n<p><strong>KAM\u00d8NALEN Kunst &amp; kultur<\/strong><br>Samtale med Mia og Fabian fra galleriet Heartspace. Filmen giver indblik i deres kunstneriske processer og belyser sommerens store skulptur projekt &#8220;No Man is an Island&#8221;.<\/p>\n\n\n\n<p><strong>Genudsendelser:<\/strong><br>\ud83d\udcc5 Mandag\u2013fredag kl. 12.00\u201316.00<br>\ud83d\udcc5 L\u00f8rdag kl. 11.30\u201313.30<br>\ud83d\udcc5 S\u00f8ndag kl. 10.00\u201311.00<\/p>\n\n\n\n<p class=\"has-luminous-vivid-amber-color has-ti-fg-background-color has-text-color has-background has-link-color wp-elements-949052a8f248d27e40c6d42f80c43d23\"><strong>UGENS TV-GUIDE: <\/strong><br><strong>UGE 31<\/strong><\/p>\n\n\n\n<h2 class=\"wp-block-heading has-text-align-center\"><mark style=\"background-color:#fcb900\" class=\"has-inline-color has-ti-fg-color\">S\u00f8ndag 03\/8 kl. 11.00-13.00<\/mark><\/h2>\n\n\n\n<p><strong>Kam\u00f8nalen INFO<\/strong><\/p>\n\n\n\n<ul class=\"wp-block-list\">\n<li>Vi bes\u00f8ger Anni&#8217;Kage &amp; Caf\u00e9 i Kalvehave, som byder p\u00e5 hjemmebag, god kaffe og udsigt, der f\u00e5r dig til at blive lidt l\u00e6ngere.<\/li>\n\n\n\n<li>Caf\u00e9 Borre fylder 2 \u00e5r d.26 juli &#8211; fest p\u00e5 Piazza del Borre<\/li>\n\n\n\n<li>Vi bes\u00f8ger BY-BJERG, hvor Mette fort\u00e6ller om indretningen og det nye Bed &amp; Breakfast \u2013 med hjemlig charme og komfort midt i Stege.<\/li>\n<\/ul>\n\n\n\n<p><strong>Kam\u00f8nalen Kaleidoskop<\/strong>: <strong>Unge stemmer p\u00e5 film<\/strong><\/p>\n\n\n\n<p>B\u00f8rn og unge viser deres egne film fra Filmcamp2025 \u2013 en nordisk filmlejr arrangeret af DaBUF og Filmfabrikken i de smukke omgivelser p\u00e5 M\u00f8n.<\/p>\n\n\n\n<p><strong>Kunstner portr\u00e6t: Ursula Munch Petersen &#8211; In Memoriam<\/strong><\/p>\n\n\n\n<p>Samtaleportr\u00e6t hylder Ursula Munch-Petersen (1937\u20132025)<br>Filmen giver et indblik i hendes tanker om formgivning, familiehistorie og samarbejdet med \u00e6gtef\u00e6llen Erik Hagens. Portr\u00e6ttet er en intim og tankev\u00e6kkende afsked med en stemme, der har formet dansk kunsth\u00e5ndv\u00e6rk i generationer.<\/p>\n\n\n\n<p class=\"has-luminous-vivid-amber-color has-ti-fg-background-color has-text-color has-background has-link-color wp-elements-e75f2f7e37b47c4b82a4dd1a9300c872\"><strong>UGENS TV-GUIDE: <\/strong><br><strong>UGE 3<\/strong>0<\/p>\n\n\n\n<h2 class=\"wp-block-heading has-text-align-center\"><mark style=\"background-color:#fcb900\" class=\"has-inline-color has-ti-fg-color\">S\u00f8ndag 27\/7 kl. 11.00-13.00<\/mark><\/h2>\n\n\n\n<p><strong>11.00-13.00 Live fra F\u00e6ngselsg\u00e5rden<\/strong><\/p>\n\n\n\n<p>Premiere p\u00e5 KAM\u00d8NALEN<\/p>\n\n\n\n<ul class=\"wp-block-list\">\n<li>Samtaler om f\u00e6lleskaber, naturen og livet p\u00e5 M\u00f8n<\/li>\n\n\n\n<li>Tryllekunstner Sylvester<\/li>\n\n\n\n<li>Samtale med Sigurd Bojesen om at v\u00e6re en lokal stemme<\/li>\n\n\n\n<li>Livet, d\u00f8den &amp; nye begynnelser med Lars Mygind<\/li>\n<\/ul>\n\n\n\n<p><strong>Genudsendelser:<\/strong><br>\ud83d\udcc5 Mandag\u2013fredag kl. 12.00\u201316.00<br>\ud83d\udcc5 L\u00f8rdag kl. 11.30\u201313.30<br>\ud83d\udcc5 S\u00f8ndag kl. 10.00\u201311.00<\/p>\n<\/div>\n<\/div>\n\n\n\n<details class=\"wp-block-details is-layout-flow wp-block-details-is-layout-flow\"><summary>KAM\u00d8NALENS FASTE SENDETIDER (Klik her for at se mer)<br>F = F\u00f8rstegangsudsendelser&nbsp;&#8211;&nbsp;G = Genudsendelser<\/summary>\n<figure style=\"font-size:8px;font-style:normal;font-weight:200\" class=\"wp-block-table\"><table class=\"has-black-color has-luminous-vivid-amber-background-color has-text-color has-background has-link-color has-fixed-layout\" style=\"border-style:none;border-width:0px\"><tbody><tr><td><\/td><td><strong>MAN<\/strong><\/td><td><strong>TIR<\/strong><\/td><td><strong>ONS<\/strong><\/td><td><strong>TOR<\/strong><\/td><td><strong>F<\/strong><strong>RE<\/strong><\/td><td><strong>L\u00d8R<\/strong><\/td><td><strong>S\u00d8N<\/strong><\/td><\/tr><tr><td>00.00-02.00<\/td><td>TBA<\/td><td>TBA<\/td><td>TBA<\/td><td>TBA<\/td><td>TBA<\/td><td>TBA<\/td><td>TBA<\/td><\/tr><tr><td>05.00-06.00<\/td><td><\/td><td><\/td><td><\/td><td><\/td><td><\/td><td>TBA<\/td><td>TBA<\/td><\/tr><tr><td>07.00-08.00<\/td><td><\/td><td><\/td><td><\/td><td><\/td><td><\/td><td>TBA<\/td><td><\/td><\/tr><tr><td>10.00-10.30<\/td><td><\/td><td><\/td><td><\/td><td><\/td><td><\/td><td><\/td><td>G2<\/td><\/tr><tr><td>10.30-11.00<\/td><td><\/td><td><\/td><td><\/td><td><\/td><td><\/td><td><\/td><td>G2<\/td><\/tr><tr><td>11.00-11.30<\/td><td><\/td><td><\/td><td><\/td><td><\/td><td><\/td><td><\/td><td>F<\/td><\/tr><tr><td>11.30-12.00<\/td><td><\/td><td><\/td><td><\/td><td><\/td><td><\/td><td>G2<\/td><td>F<\/td><\/tr><tr><td>12.00-12.30<\/td><td>G1<\/td><td>G1<\/td><td>G1<\/td><td>G1<\/td><td>G1<\/td><td>G2<\/td><td>F<\/td><\/tr><tr><td>12.30-13.00<\/td><td>G1<\/td><td>G1<\/td><td>G1<\/td><td>G1<\/td><td>G1<\/td><td>G2<\/td><td>F<\/td><\/tr><tr><td>13.00-13.30<\/td><td>G1<\/td><td>G1<\/td><td>G1<\/td><td>G1<\/td><td>G1<\/td><td>G2<\/td><td>F<\/td><\/tr><tr><td>15-16<\/td><td>G2<\/td><td>G2<\/td><td>G2<\/td><td>G2<\/td><td>G2<\/td><td><\/td><td><\/td><\/tr><\/tbody><\/table><\/figure>\n<\/details>\n","protected":false},"excerpt":{"rendered":"<p>UGENS TV-GUIDE: UGE 17 &#8211; 2026 S\u00f8ndag 26\/4 kl. 11.00-13.00 KAM\u00d8NALEN kommer forbi Vi har bes\u00f8gt Kirsten Fahn\u00f8e i hendes nybyggede tr\u00e6hus p\u00e5 Vestm\u00f8n.\u00a0En af de fire nominerede i foreningen Bygnings og Landskabskultur M\u00f8n uddeling &#8220;Hvem forsk\u00f8nner M\u00f8n?&#8221; Bygnings og Landskabskultur M\u00f8n prisuddeling 2026 By og Land M\u00f8n uddelte i \u00e5r priser og diplomer for [&hellip;]<\/p>\n","protected":false},"author":1,"featured_media":0,"parent":0,"menu_order":0,"comment_status":"closed","ping_status":"closed","template":"","meta":{"footnotes":""},"class_list":["post-80","page","type-page","status-publish","hentry"],"_links":{"self":[{"href":"https:\/\/xn--kamnalen-74a.dk\/index.php?rest_route=\/wp\/v2\/pages\/80","targetHints":{"allow":["GET"]}}],"collection":[{"href":"https:\/\/xn--kamnalen-74a.dk\/index.php?rest_route=\/wp\/v2\/pages"}],"about":[{"href":"https:\/\/xn--kamnalen-74a.dk\/index.php?rest_route=\/wp\/v2\/types\/page"}],"author":[{"embeddable":true,"href":"https:\/\/xn--kamnalen-74a.dk\/index.php?rest_route=\/wp\/v2\/users\/1"}],"replies":[{"embeddable":true,"href":"https:\/\/xn--kamnalen-74a.dk\/index.php?rest_route=%2Fwp%2Fv2%2Fcomments&post=80"}],"version-history":[{"count":154,"href":"https:\/\/xn--kamnalen-74a.dk\/index.php?rest_route=\/wp\/v2\/pages\/80\/revisions"}],"predecessor-version":[{"id":385,"href":"https:\/\/xn--kamnalen-74a.dk\/index.php?rest_route=\/wp\/v2\/pages\/80\/revisions\/385"}],"wp:attachment":[{"href":"https:\/\/xn--kamnalen-74a.dk\/index.php?rest_route=%2Fwp%2Fv2%2Fmedia&parent=80"}],"curies":[{"name":"wp","href":"https:\/\/api.w.org\/{rel}","templated":true}]}}