{"id":44,"date":"2025-07-24T16:23:34","date_gmt":"2025-07-24T16:23:34","guid":{"rendered":"https:\/\/xn--kamnalen-74a.dk\/?page_id=44"},"modified":"2025-08-31T20:13:03","modified_gmt":"2025-08-31T20:13:03","slug":"om-kamoenalen","status":"publish","type":"page","link":"https:\/\/xn--kamnalen-74a.dk\/?page_id=44","title":{"rendered":"Om KAM\u00d8NALEN"},"content":{"rendered":"\n<div class=\"wp-block-group alignfull has-contrast-color has-text-color has-link-color wp-elements-235738c054182c23a6f959c69fd88a66 is-content-justification-space-between is-layout-flex wp-container-core-group-is-layout-3f94fa88 wp-block-group-is-layout-flex\" style=\"padding-top:var(--wp--preset--spacing--30);padding-right:var(--wp--preset--spacing--30);padding-bottom:var(--wp--preset--spacing--30);padding-left:var(--wp--preset--spacing--30)\"><h1 class=\"wp-block-site-title\"><a href=\"https:\/\/xn--kamnalen-74a.dk\" target=\"_self\" rel=\"home\">Din lokale TVKANAL<\/a><\/h1>\n\n<nav class=\"is-responsive items-justified-right wp-block-navigation is-content-justification-right is-layout-flex wp-container-core-navigation-is-layout-f665d2b5 wp-block-navigation-is-layout-flex\" aria-label=\"Menu\" \n\t\t data-wp-interactive=\"core\/navigation\" data-wp-context='{\"overlayOpenedBy\":{\"click\":false,\"hover\":false,\"focus\":false},\"type\":\"overlay\",\"roleAttribute\":\"\",\"ariaLabel\":\"Menu\"}'><button aria-haspopup=\"dialog\" aria-label=\"\u00c5bn menu\" class=\"wp-block-navigation__responsive-container-open always-shown\" \n\t\t\t\tdata-wp-on--click=\"actions.openMenuOnClick\"\n\t\t\t\tdata-wp-on--keydown=\"actions.handleMenuKeydown\"\n\t\t\t><svg width=\"24\" height=\"24\" xmlns=\"http:\/\/www.w3.org\/2000\/svg\" viewBox=\"0 0 24 24\" aria-hidden=\"true\" focusable=\"false\"><path d=\"M4 7.5h16v1.5H4z\"><\/path><path d=\"M4 15h16v1.5H4z\"><\/path><\/svg><\/button>\n\t\t\t\t<div class=\"wp-block-navigation__responsive-container hidden-by-default\"  id=\"modal-1\" \n\t\t\t\tdata-wp-class--has-modal-open=\"state.isMenuOpen\"\n\t\t\t\tdata-wp-class--is-menu-open=\"state.isMenuOpen\"\n\t\t\t\tdata-wp-watch=\"callbacks.initMenu\"\n\t\t\t\tdata-wp-on--keydown=\"actions.handleMenuKeydown\"\n\t\t\t\tdata-wp-on--focusout=\"actions.handleMenuFocusout\"\n\t\t\t\ttabindex=\"-1\"\n\t\t\t>\n\t\t\t\t\t<div class=\"wp-block-navigation__responsive-close\" tabindex=\"-1\">\n\t\t\t\t\t\t<div class=\"wp-block-navigation__responsive-dialog\" \n\t\t\t\tdata-wp-bind--aria-modal=\"state.ariaModal\"\n\t\t\t\tdata-wp-bind--aria-label=\"state.ariaLabel\"\n\t\t\t\tdata-wp-bind--role=\"state.roleAttribute\"\n\t\t\t>\n\t\t\t\t\t\t\t<button aria-label=\"Luk menu\" class=\"wp-block-navigation__responsive-container-close\" \n\t\t\t\tdata-wp-on--click=\"actions.closeMenuOnClick\"\n\t\t\t><svg xmlns=\"http:\/\/www.w3.org\/2000\/svg\" viewBox=\"0 0 24 24\" width=\"24\" height=\"24\" aria-hidden=\"true\" focusable=\"false\"><path d=\"m13.06 12 6.47-6.47-1.06-1.06L12 10.94 5.53 4.47 4.47 5.53 10.94 12l-6.47 6.47 1.06 1.06L12 13.06l6.47 6.47 1.06-1.06L13.06 12Z\"><\/path><\/svg><\/button>\n\t\t\t\t\t\t\t<div class=\"wp-block-navigation__responsive-container-content\" \n\t\t\t\tdata-wp-watch=\"callbacks.focusFirstElement\"\n\t\t\t id=\"modal-1-content\">\n\t\t\t\t\t\t\t\t<ul class=\"wp-block-navigation__container is-responsive items-justified-right wp-block-navigation\"><li class=\" wp-block-navigation-item wp-block-navigation-link\"><a class=\"wp-block-navigation-item__content\"  href=\"https:\/\/xn--kamnalen-74a.dk\/?page_id=80\"><span class=\"wp-block-navigation-item__label\">Sendeplan<\/span><\/a><\/li><li class=\" wp-block-navigation-item wp-block-navigation-link\"><a class=\"wp-block-navigation-item__content\"  href=\"#\"><span class=\"wp-block-navigation-item__label\">Opslagstavle<\/span><span class=\"wp-block-navigation-item__description\">Nyheder, muligheder, events, annonsering<\/span><\/a><\/li><li class=\" wp-block-navigation-item wp-block-navigation-link\"><a class=\"wp-block-navigation-item__content\"  href=\"#\"><span class=\"wp-block-navigation-item__label\">Bli sponsor<\/span><span class=\"wp-block-navigation-item__description\">Medlemsskab &amp; sponsorater<\/span><\/a><\/li><li class=\" wp-block-navigation-item wp-block-navigation-link\"><a class=\"wp-block-navigation-item__content\"  href=\"https:\/\/xn--kamnalen-74a.dk\/?page_id=198\"><span class=\"wp-block-navigation-item__label\">For medlemmer<\/span><\/a><\/li><li class=\" wp-block-navigation-item wp-block-navigation-link\"><a class=\"wp-block-navigation-item__content\"  href=\"https:\/\/xn--kamnalen-74a.dk\/?page_id=44\"><span class=\"wp-block-navigation-item__label\">Om KAM\u00d8NALEN<\/span><\/a><\/li><li class=\"wp-block-navigation-item\">\n<ul class=\"wp-block-social-links has-icon-color is-style-logos-only is-horizontal is-content-justification-left is-nowrap is-layout-flex wp-container-core-social-links-is-layout-7263b898 wp-block-social-links-is-layout-flex\"><li style=\"color:var(--wp--preset--color--ti-fg);\" class=\"wp-social-link wp-social-link-facebook has-ti-fg-color wp-block-social-link\"><a href=\"#\" class=\"wp-block-social-link-anchor\"><svg width=\"24\" height=\"24\" viewBox=\"0 0 24 24\" version=\"1.1\" xmlns=\"http:\/\/www.w3.org\/2000\/svg\" aria-hidden=\"true\" focusable=\"false\"><path d=\"M12 2C6.5 2 2 6.5 2 12c0 5 3.7 9.1 8.4 9.9v-7H7.9V12h2.5V9.8c0-2.5 1.5-3.9 3.8-3.9 1.1 0 2.2.2 2.2.2v2.5h-1.3c-1.2 0-1.6.8-1.6 1.6V12h2.8l-.4 2.9h-2.3v7C18.3 21.1 22 17 22 12c0-5.5-4.5-10-10-10z\"><\/path><\/svg><span class=\"wp-block-social-link-label screen-reader-text\">Facebook<\/span><\/a><\/li>\n\n<li style=\"color:var(--wp--preset--color--ti-fg);\" class=\"wp-social-link wp-social-link-instagram has-ti-fg-color wp-block-social-link\"><a href=\"#\" class=\"wp-block-social-link-anchor\"><svg width=\"24\" height=\"24\" viewBox=\"0 0 24 24\" version=\"1.1\" xmlns=\"http:\/\/www.w3.org\/2000\/svg\" aria-hidden=\"true\" focusable=\"false\"><path d=\"M12,4.622c2.403,0,2.688,0.009,3.637,0.052c0.877,0.04,1.354,0.187,1.671,0.31c0.42,0.163,0.72,0.358,1.035,0.673 c0.315,0.315,0.51,0.615,0.673,1.035c0.123,0.317,0.27,0.794,0.31,1.671c0.043,0.949,0.052,1.234,0.052,3.637 s-0.009,2.688-0.052,3.637c-0.04,0.877-0.187,1.354-0.31,1.671c-0.163,0.42-0.358,0.72-0.673,1.035 c-0.315,0.315-0.615,0.51-1.035,0.673c-0.317,0.123-0.794,0.27-1.671,0.31c-0.949,0.043-1.233,0.052-3.637,0.052 s-2.688-0.009-3.637-0.052c-0.877-0.04-1.354-0.187-1.671-0.31c-0.42-0.163-0.72-0.358-1.035-0.673 c-0.315-0.315-0.51-0.615-0.673-1.035c-0.123-0.317-0.27-0.794-0.31-1.671C4.631,14.688,4.622,14.403,4.622,12 s0.009-2.688,0.052-3.637c0.04-0.877,0.187-1.354,0.31-1.671c0.163-0.42,0.358-0.72,0.673-1.035 c0.315-0.315,0.615-0.51,1.035-0.673c0.317-0.123,0.794-0.27,1.671-0.31C9.312,4.631,9.597,4.622,12,4.622 M12,3 C9.556,3,9.249,3.01,8.289,3.054C7.331,3.098,6.677,3.25,6.105,3.472C5.513,3.702,5.011,4.01,4.511,4.511 c-0.5,0.5-0.808,1.002-1.038,1.594C3.25,6.677,3.098,7.331,3.054,8.289C3.01,9.249,3,9.556,3,12c0,2.444,0.01,2.751,0.054,3.711 c0.044,0.958,0.196,1.612,0.418,2.185c0.23,0.592,0.538,1.094,1.038,1.594c0.5,0.5,1.002,0.808,1.594,1.038 c0.572,0.222,1.227,0.375,2.185,0.418C9.249,20.99,9.556,21,12,21s2.751-0.01,3.711-0.054c0.958-0.044,1.612-0.196,2.185-0.418 c0.592-0.23,1.094-0.538,1.594-1.038c0.5-0.5,0.808-1.002,1.038-1.594c0.222-0.572,0.375-1.227,0.418-2.185 C20.99,14.751,21,14.444,21,12s-0.01-2.751-0.054-3.711c-0.044-0.958-0.196-1.612-0.418-2.185c-0.23-0.592-0.538-1.094-1.038-1.594 c-0.5-0.5-1.002-0.808-1.594-1.038c-0.572-0.222-1.227-0.375-2.185-0.418C14.751,3.01,14.444,3,12,3L12,3z M12,7.378 c-2.552,0-4.622,2.069-4.622,4.622S9.448,16.622,12,16.622s4.622-2.069,4.622-4.622S14.552,7.378,12,7.378z M12,15 c-1.657,0-3-1.343-3-3s1.343-3,3-3s3,1.343,3,3S13.657,15,12,15z M16.804,6.116c-0.596,0-1.08,0.484-1.08,1.08 s0.484,1.08,1.08,1.08c0.596,0,1.08-0.484,1.08-1.08S17.401,6.116,16.804,6.116z\"><\/path><\/svg><span class=\"wp-block-social-link-label screen-reader-text\">Instagram<\/span><\/a><\/li><\/ul>\n<\/li><\/ul>\n\t\t\t\t\t\t\t<\/div>\n\t\t\t\t\t\t<\/div>\n\t\t\t\t\t<\/div>\n\t\t\t\t<\/div><\/nav><\/div>\n\n\n\n<p><strong>Hvem er vi?<\/strong><\/p>\n\n\n\n<p>KAM\u00d8NALEN er M\u00f8ns nye ikkekommercielle tv-station med tilladelse til at sende i region \u00d8st. Vi er godkendt av Radio- og TV-n\u00e6vnet og g\u00e5r i luften 27nde juli 2025. <\/p>\n\n\n\n<p>Kam\u00f8nalen TV-kanal drives af M\u00f8n Multimedia Forening &#8211; en forening for alle os der har lyst til at fort\u00e6lle historier om vores smukke lokalomr\u00e5de. Vores medlemmer udg\u00f8r kernen i foreningen og bidrager aktivt til vores f\u00e6llesskab og form\u00e5l.\u00a0<\/p>\n\n\n\n<p><strong>Vores mission<\/strong><\/p>\n\n\n\n<ul class=\"wp-block-list\">\n<li>Lokalt fokus: vores indhold handler om lokale forhold og aktiviteter p\u00e5 M\u00f8n og Bog\u00f8, i Pr\u00e6st\u00f8 og Vordingborg.<\/li>\n\n\n\n<li>Alsidighed: Vi d\u00e6kker nyheder, aktualiteter, kultur, kunst, musik og meget mere<\/li>\n\n\n\n<li>F\u00e6llesskab: Vi giver borgerne mulighed for selv at producere og udsende programmer (public access)<\/li>\n<\/ul>\n\n\n\n<p><strong>Vores programmer fordeler sig p\u00e5: <\/strong><\/p>\n\n\n\n<ul class=\"wp-block-list\">\n<li>Nyheder &#8211; Lokale nyheder fra region \u00d8st<\/li>\n\n\n\n<li>Aktualitet &#8211; Debat, dialog og samfundsrelevante emner<\/li>\n\n\n\n<li>Kultur &#8211; Lokale kunstnere, arrangementer og kulturliv<\/li>\n\n\n\n<li>Musik &#8211; Lokale musikere og koncerter<\/li>\n\n\n\n<li>Andet &#8211; Dokumentarer, underholdning og specialprogrammer <\/li>\n<\/ul>\n\n\n\n<p><strong>Bliv en del av KAM\u00d8NALEN<\/strong><\/p>\n\n\n\n<p>Public Access &#8211; Din mulighed for at sende<\/p>\n\n\n\n<p>Har du en god id\u00e9 til et TV-program? Som borger p\u00e5 M\u00f8n, Bog\u00f8, I Pr\u00e6st\u00f8 eller Vordingborg kan du f\u00e5 mulighed for at producere og udsende dine egns programmer p\u00e5 KAM\u00d8NALEN. <a href=\"#for-medlemmer\">Les mere her<\/a> eller <a href=\"mailto:info@kam\u00f8nalen.dk\">kontakt os<\/a> hvis du vil vide mere om mulighederne.<\/p>\n\n\n\n<h3 class=\"wp-block-heading\">S\u00e5dan modtager du Kam\u00f8nalen<\/h3>\n\n\n\n<p><strong>Egen antenne og Boxer-tv:<\/strong> Kam\u00f8nalen udsendes p\u00e5 MUX1 i region \u00d8st og kan findes p\u00e5 de programpladser, der er tildelt ikkekommercielt lokal-tv. Du skal bruge en UHF-antenne (TV2-antenne), som tilsluttes dit tv, s\u00e5fremt dette kan modtage mpeg4 (alle nyere tv).<\/p>\n\n\n\n<p>Kanalen udsendes kun digitalt.<\/p>\n\n\n\n<p><strong>YouTube:<\/strong> Du kan ogs\u00e5 se Kam\u00f8nalen direkte p\u00e5 vores YouTube-kanal. Her finder du b\u00e5de live-udsendelser og tidligere programmer, der kan ses on demand.<\/p>\n\n\n\n<p><strong>Antenneforeninger og f\u00e6llesantenneanl\u00e6g:<\/strong> Kam\u00f8nalen distribueres gennem MUX1, som er tilg\u00e6ngelig via de fleste antenneanl\u00e6g i region \u00d8st. Kontakt din antenneforening for information om programpladsen.<\/p>\n\n\n\n<p><strong>Streaming-tjenester:<\/strong> Viasat og Canal Digital udsender ikke n\u00f8dvendigvis alle MUX1-kanaler. Se derfor udsendelserne direkte p\u00e5 vores hjemmeside eller YouTube-kanal.<\/p>\n\n\n\n<p><strong>Teknisk support:<\/strong> Hvis du ikke kan finde kanalen, kan det hj\u00e6lpe at k\u00f8re en ny kanals\u00f8gning p\u00e5 dit tv (sker automatisk p\u00e5 de fleste nyere tv).<\/p>\n\n\n\n<p>Du kan ogs\u00e5 kontakte din lokale tv-forhandler eller distribut\u00f8r for yderligere information om modtagelse af MUX1-kanaler i dit omr\u00e5de.<\/p>\n\n\n\n<hr class=\"wp-block-separator has-alpha-channel-opacity\"\/>\n\n\n\n<p><strong>Sendetider:<\/strong> \ud83d\udcc5 S\u00f8ndag kl. 11.00\u201313.00<\/p>\n\n\n\n<p><strong>Genudsendelser:<\/strong><br>\ud83d\udcc5 Mandag\u2013fredag kl. 12.00\u201316.00<br>\ud83d\udcc5 L\u00f8rdag kl. 11.30\u201313.30<br>\ud83d\udcc5 S\u00f8ndag kl. 10.00\u201311.00<\/p>\n\n\n\n<p><strong>Online:<\/strong> Altid tilg\u00e6ngelig p\u00e5 <a href=\"https:\/\/youtube.com\/@kamoenalen?si=q7MlpzEtkl8Fh0Sz\">YouTube<\/a><\/p>\n","protected":false},"excerpt":{"rendered":"<p>Hvem er vi? KAM\u00d8NALEN er M\u00f8ns nye ikkekommercielle tv-station med tilladelse til at sende i region \u00d8st. Vi er godkendt av Radio- og TV-n\u00e6vnet og g\u00e5r i luften 27nde juli 2025. Kam\u00f8nalen TV-kanal drives af M\u00f8n Multimedia Forening &#8211; en forening for alle os der har lyst til at fort\u00e6lle historier om vores smukke lokalomr\u00e5de. [&hellip;]<\/p>\n","protected":false},"author":1,"featured_media":0,"parent":0,"menu_order":0,"comment_status":"closed","ping_status":"closed","template":"","meta":{"footnotes":""},"class_list":["post-44","page","type-page","status-publish","hentry"],"_links":{"self":[{"href":"https:\/\/xn--kamnalen-74a.dk\/index.php?rest_route=\/wp\/v2\/pages\/44","targetHints":{"allow":["GET"]}}],"collection":[{"href":"https:\/\/xn--kamnalen-74a.dk\/index.php?rest_route=\/wp\/v2\/pages"}],"about":[{"href":"https:\/\/xn--kamnalen-74a.dk\/index.php?rest_route=\/wp\/v2\/types\/page"}],"author":[{"embeddable":true,"href":"https:\/\/xn--kamnalen-74a.dk\/index.php?rest_route=\/wp\/v2\/users\/1"}],"replies":[{"embeddable":true,"href":"https:\/\/xn--kamnalen-74a.dk\/index.php?rest_route=%2Fwp%2Fv2%2Fcomments&post=44"}],"version-history":[{"count":7,"href":"https:\/\/xn--kamnalen-74a.dk\/index.php?rest_route=\/wp\/v2\/pages\/44\/revisions"}],"predecessor-version":[{"id":204,"href":"https:\/\/xn--kamnalen-74a.dk\/index.php?rest_route=\/wp\/v2\/pages\/44\/revisions\/204"}],"wp:attachment":[{"href":"https:\/\/xn--kamnalen-74a.dk\/index.php?rest_route=%2Fwp%2Fv2%2Fmedia&parent=44"}],"curies":[{"name":"wp","href":"https:\/\/api.w.org\/{rel}","templated":true}]}}